{"id":951,"date":"2017-11-21T21:10:41","date_gmt":"2017-11-21T20:10:41","guid":{"rendered":"https:\/\/hermann.jodli.me\/?page_id=951"},"modified":"2025-04-15T11:52:05","modified_gmt":"2025-04-15T09:52:05","slug":"vortraege-und-lehrveranstaltungen","status":"publish","type":"page","link":"https:\/\/hermann.lewetz.at\/de\/vortraege-und-lehrveranstaltungen\/","title":{"rendered":"Vortr\u00e4ge und Lehrveranstaltungen"},"content":{"rendered":"\n<div style=\"height:100px\" aria-hidden=\"true\" class=\"wp-block-spacer\"><\/div>\n\n\n\n<h2 class=\"wp-block-heading has-text-align-center\">Vortr\u00e4ge und Lehrveranstaltungen<\/h2>\n\n\n\n<div style=\"height:100px\" aria-hidden=\"true\" class=\"wp-block-spacer\"><\/div>\n\n\n\n<div class=\"wp-block-group alignwide is-layout-constrained wp-container-core-group-is-layout-93d8aa05 wp-block-group-is-layout-constrained\" style=\"padding-right:var(--wp--preset--spacing--20);padding-left:var(--wp--preset--spacing--20)\">\n<h3 class=\"wp-block-heading has-text-align-left\" style=\"margin-top:var(--wp--preset--spacing--50);margin-right:0;margin-bottom:var(--wp--preset--spacing--50);margin-left:0\">2017<\/h3>\n\n\n\n<p>2017-09_IASA, Berlin (Workshop: &#8222;How can we spare storage space?&#8220;), siehe: <a href=\"http:\/\/2017.iasa-web.org\/\" target=\"_blank\" rel=\"noreferrer noopener\">http:\/\/2017.iasa-web.org\/<\/a><\/p>\n\n\n\n<hr class=\"wp-block-separator aligncenter has-text-color has-palette-color-11-color has-alpha-channel-opacity has-palette-color-11-background-color has-background is-style-default\" style=\"margin-top:var(--wp--preset--spacing--50);margin-bottom:var(--wp--preset--spacing--50)\"\/>\n\n\n\n<p>2017-03-31_extra-Zimmer, Graz (Podiumsdiskussion: Technische Aspekte digitaler (Langzeit)archive) siehe: <a href=\"http:\/\/extrazimmer.mur.at\/\" target=\"_blank\" rel=\"noreferrer noopener\">http:\/\/extrazimmer.mur.at\/<\/a><\/p>\n\n\n\n<h3 class=\"wp-block-heading has-text-align-left\" style=\"margin-top:var(--wp--preset--spacing--50);margin-bottom:var(--wp--preset--spacing--50)\">2016<\/h3>\n\n\n\n<p>2016-07-18_Pre-IETF-Symposion &#8222;No Time to Wait, No. 1&#8220;, Berlin (Vortrag: &#8222;DVA-Profession: one of the very view workflow management systems dealing with ffv1&#8220;) siehe: <a href=\"https:\/\/mediaarea.net\/MediaConch\/notimetowait.html\" target=\"_blank\" rel=\"noreferrer noopener\">https:\/\/mediaarea.net\/MediaConch\/notimetowait.html<\/a><\/p>\n\n\n\n<hr class=\"wp-block-separator aligncenter has-text-color has-palette-color-11-color has-alpha-channel-opacity has-palette-color-11-background-color has-background is-style-default\" style=\"margin-top:var(--wp--preset--spacing--50);margin-bottom:var(--wp--preset--spacing--50)\"\/>\n\n\n\n<p><br>2016-04-29_ULG, Universit\u00e4t Wien (Vorlesungen: &#8222;Video- und Filmformate&#8220;, &#8222;Digitalisierung und Langzeitarchivierung&#8220;), siehe: <a href=\"http:\/\/bibliothek.univie.ac.at\/ulg\/\" target=\"_blank\" rel=\"noreferrer noopener\">http:\/\/bibliothek.univie.ac.at\/ulg\/<\/a><\/p>\n\n\n\n<h3 class=\"wp-block-heading has-text-align-left\" style=\"margin-top:var(--wp--preset--spacing--50);margin-bottom:var(--wp--preset--spacing--50)\">2015<\/h3>\n\n\n\n<p>2015-10_FIAT-IFTA, Wien (Vortrag: &#8222;The additional challenges in digitizing recordings made by consumers&#8220;), siehe <a href=\"http:\/\/fiatifta.org\/index.php\/fiatiftaevents\/world-conference\/world-conference-2015\/\" target=\"_blank\" rel=\"noreferrer noopener\">http:\/\/fiatifta.org\/index.php\/fiatiftaevents\/world-conference\/world-conference-2015\/<\/a><br><\/p>\n\n\n\n<hr class=\"wp-block-separator aligncenter has-text-color has-palette-color-11-color has-alpha-channel-opacity has-palette-color-11-background-color has-background is-style-default\" style=\"margin-top:var(--wp--preset--spacing--50);margin-bottom:var(--wp--preset--spacing--50)\"\/>\n\n\n\n<p><br>2015-02-23_digitale_Bibliothek, Graz (Vortrag: &#8222;Was unterscheidet digitale Langzeitarchivierung von \u00fcblicher Datenspeicherung?&#8220;), siehe: <a href=\"http:\/\/www.europeana-local.at\" target=\"_blank\" rel=\"noreferrer noopener\">http:\/\/www.europeana-local.at<\/a><br><\/p>\n\n\n\n<hr class=\"wp-block-separator aligncenter has-text-color has-palette-color-11-color has-alpha-channel-opacity has-palette-color-11-background-color has-background is-style-default\" style=\"margin-top:var(--wp--preset--spacing--50);margin-bottom:var(--wp--preset--spacing--50)\"\/>\n\n\n\n<p><br>2015_IASA, Paris (Vortrag: &#8222;DLP-profession, a storage concept using standard hardware and free software&#8220;), siehe: <a href=\"http:\/\/2015.iasa-web.org\/\" target=\"_blank\" rel=\"noreferrer noopener\">http:\/\/2015.iasa-web.org\/<\/a><br><\/p>\n\n\n\n<hr class=\"wp-block-separator aligncenter has-text-color has-palette-color-11-color has-alpha-channel-opacity has-palette-color-11-background-color has-background is-style-default\" style=\"margin-top:var(--wp--preset--spacing--50);margin-bottom:var(--wp--preset--spacing--50)\"\/>\n\n\n\n<p><br>2015_Brainpool, Wien (Vorlesung: &#8222;Digitalisierung und Langzeitarchivierung&#8220;)<\/p>\n\n\n\n<h3 class=\"wp-block-heading has-text-align-left\" style=\"margin-top:var(--wp--preset--spacing--50);margin-bottom:var(--wp--preset--spacing--50)\">2014<\/h3>\n\n\n\n<p>2014-11-21_OeGDI-Lehrgang, Wien (Vorlesungen: &#8222;Video- und Filmformate&#8220;, &#8222;Digitalisierung und Langzeitarchivierung&#8220;), siehe: <a href=\"http:\/\/oegdi.at\/\" target=\"_blank\" rel=\"noreferrer noopener\">http:\/\/oegdi.at\/<\/a><br><\/p>\n\n\n\n<hr class=\"wp-block-separator aligncenter has-text-color has-palette-color-11-color has-alpha-channel-opacity has-palette-color-11-background-color has-background is-style-default\" style=\"margin-top:var(--wp--preset--spacing--50);margin-bottom:var(--wp--preset--spacing--50)\"\/>\n\n\n\n<p><br>2014-10-29_MAA-Tagung, Radio Kulturhaus, Wien (Vortrag: &#8222;Archivierungsstrategien: Eine Einf\u00fchrung mit Beispielen&#8220;)<br><\/p>\n\n\n\n<hr class=\"wp-block-separator aligncenter has-text-color has-palette-color-11-color has-alpha-channel-opacity has-palette-color-11-background-color has-background is-style-default\" style=\"margin-top:var(--wp--preset--spacing--50);margin-bottom:var(--wp--preset--spacing--50)\"\/>\n\n\n\n<p><br>2014-10-21_ULG, Universit\u00e4t Wien (Vorlesungen: &#8222;Video- und Filmformate&#8220;, &#8222;Digitalisierung und Langzeitarchivierung&#8220;), siehe: <a href=\"http:\/\/bibliothek.univie.ac.at\/ulg\/\" target=\"_blank\" rel=\"noreferrer noopener\">http:\/\/bibliothek.univie.ac.at\/ulg\/<\/a><br><\/p>\n\n\n\n<hr class=\"wp-block-separator aligncenter has-text-color has-palette-color-11-color has-alpha-channel-opacity has-palette-color-11-background-color has-background is-style-default\" style=\"margin-top:var(--wp--preset--spacing--50);margin-bottom:var(--wp--preset--spacing--50)\"\/>\n\n\n\n<p><br>2014-03-25_ULG, Universit\u00e4t Wien (Vorlesungen: &#8222;Video- und Filmformate&#8220;, &#8222;Digitalisierung und Langzeitarchivierung&#8220;), siehe: <a href=\"http:\/\/bibliothek.univie.ac.at\/ulg\/\" target=\"_blank\" rel=\"noreferrer noopener\">http:\/\/bibliothek.univie.ac.at\/ulg\/<\/a><br><\/p>\n\n\n\n<hr class=\"wp-block-separator aligncenter has-text-color has-palette-color-11-color has-alpha-channel-opacity has-palette-color-11-background-color has-background is-style-default\" style=\"margin-top:var(--wp--preset--spacing--50);margin-bottom:var(--wp--preset--spacing--50)\"\/>\n\n\n\n<p><br>2014_IASA, Kapstadt (Workshop: &#8222;Storage of digital video highlighting the Austrian Mediathek\u2019s project to create intelligent storage using standard hardware and free software&#8220;), siehe: <a href=\"http:\/\/2014.iasa-web.org\" target=\"_blank\" rel=\"noreferrer noopener\">http:\/\/2014.iasa-web.org<\/a><br><\/p>\n\n\n\n<hr class=\"wp-block-separator aligncenter has-text-color has-palette-color-11-color has-alpha-channel-opacity has-palette-color-11-background-color has-background is-style-default\" style=\"margin-top:var(--wp--preset--spacing--50);margin-bottom:var(--wp--preset--spacing--50)\"\/>\n\n\n\n<p><br>2014_Brainpool, Wien (Vorlesung: &#8222;Digitalisierung und Langzeitarchivierung&#8220;)<\/p>\n\n\n\n<h3 class=\"wp-block-heading has-text-align-left\" style=\"margin-top:var(--wp--preset--spacing--50);margin-bottom:var(--wp--preset--spacing--50)\">2013<\/h3>\n\n\n\n<p>2013-05-24_ULG, Universit\u00e4t Wien (Vorlesungen: &#8222;Video- und Filmformate&#8220;, &#8222;Digitalisierung und Langzeitarchivierung&#8220;), siehe: <a href=\"http:\/\/bibliothek.univie.ac.at\/ulg\" target=\"_blank\" rel=\"noreferrer noopener\">http:\/\/bibliothek.univie.ac.at\/ulg<\/a>\/<\/p>\n\n\n\n<hr class=\"wp-block-separator aligncenter has-text-color has-palette-color-11-color has-alpha-channel-opacity has-palette-color-11-background-color has-background is-style-default\" style=\"margin-top:var(--wp--preset--spacing--50);margin-bottom:var(--wp--preset--spacing--50)\"\/>\n\n\n\n<p>2013-04-30_VDW_Vereinigung-deutscher-Wirtschaftsarchive, Wien (Vortrag: &#8222;Archivierung und Digitalisierung von Ton- und Videoaufnahmen&#8220;), siehe: <a href=\"http:\/\/www.wirtschaftsarchive.de\/archivwesen\/jahrestagung\/fruehere-jahrestagungen\/wirtschaftsarchive-und-werbefilm\" target=\"_blank\" rel=\"noreferrer noopener\">http:\/\/www.wirtschaftsarchive.de\/archivwesen\/jahrestagung\/fruehere-jahrestagungen\/wirtschaftsarchive-und-werbefilm<\/a><\/p>\n\n\n\n<hr class=\"wp-block-separator aligncenter has-text-color has-palette-color-11-color has-alpha-channel-opacity has-palette-color-11-background-color has-background is-style-default\" style=\"margin-top:var(--wp--preset--spacing--50);margin-bottom:var(--wp--preset--spacing--50)\"\/>\n\n\n\n<p>2013-04-28_VFM, Ravensburg (Podiumsdiskussion: Archivformate), siehe: <a href=\"http:\/\/www.vfm-online.de\/tagungen\/2013\/programm.shtml\" target=\"_blank\" rel=\"noreferrer noopener\">http:\/\/www.vfm-online.de\/tagungen\/2013\/programm.shtml<\/a><\/p>\n\n\n\n<hr class=\"wp-block-separator aligncenter has-text-color has-palette-color-11-color has-alpha-channel-opacity has-palette-color-11-background-color has-background is-style-default\" style=\"margin-top:var(--wp--preset--spacing--50);margin-bottom:var(--wp--preset--spacing--50)\"\/>\n\n\n\n<p>2013_IASA, Vilnius (Vortrag: &#8222;Is Free Software a chance for Archives?&#8220;), siehe: <a href=\"http:\/\/2013.iasa-web.org\/\" target=\"_blank\" rel=\"noreferrer noopener\">http:\/\/2013.iasa-web.org\/<\/a><\/p>\n\n\n\n<hr class=\"wp-block-separator aligncenter has-text-color has-palette-color-11-color has-alpha-channel-opacity has-palette-color-11-background-color has-background is-style-default\" style=\"margin-top:var(--wp--preset--spacing--50);margin-bottom:var(--wp--preset--spacing--50)\"\/>\n\n\n\n<p>2013_Brainpool, Wien (Vorlesung: &#8222;Digitalisierung und Langzeitarchivierung&#8220;)<\/p>\n\n\n\n<h3 class=\"wp-block-heading has-text-align-left\" style=\"margin-top:var(--wp--preset--spacing--50);margin-bottom:var(--wp--preset--spacing--50)\">2012<\/h3>\n\n\n\n<p>2012-11_ULG, Wien (Vorlesungen: &#8222;Video- und Filmformate&#8220;, &#8222;Digitalisierung und Langzeitarchivierung&#8220;), siehe: <a href=\"http:\/\/bibliothek.univie.ac.at\/ulg\/\" target=\"_blank\" rel=\"noreferrer noopener\">http:\/\/bibliothek.univie.ac.at\/ulg\/<\/a><\/p>\n\n\n\n<hr class=\"wp-block-separator aligncenter has-text-color has-palette-color-11-color has-alpha-channel-opacity has-palette-color-11-background-color has-background is-style-default\" style=\"margin-top:var(--wp--preset--spacing--50);margin-bottom:var(--wp--preset--spacing--50)\"\/>\n\n\n\n<p>2012-06-18_ULG, Universit\u00e4t Wien (Vorlesungen: &#8222;Video- und Filmformate&#8220;, &#8222;Digitalisierung und Langzeitarchivierung&#8220;), siehe: <a href=\"http:\/\/bibliothek.univie.ac.at\/ulg\/\" target=\"_blank\" rel=\"noreferrer noopener\">http:\/\/bibliothek.univie.ac.at\/ulg\/<\/a><\/p>\n\n\n\n<hr class=\"wp-block-separator aligncenter has-text-color has-palette-color-11-color has-alpha-channel-opacity has-palette-color-11-background-color has-background is-style-default\" style=\"margin-top:var(--wp--preset--spacing--50);margin-bottom:var(--wp--preset--spacing--50)\"\/>\n\n\n\n<p>2012_Prestoprime_Showcase, Wien (Pr\u00e4sentation von DVA-Profession, zusammen mit Marion Jaks und Peter Bubestinger), siehe: <a href=\"http:\/\/www.prestoprime.org\/\" target=\"_blank\" rel=\"noreferrer noopener\">http:\/\/www.prestoprime.org\/<\/a><\/p>\n\n\n\n<hr class=\"wp-block-separator aligncenter has-text-color has-palette-color-11-color has-alpha-channel-opacity has-palette-color-11-background-color has-background is-style-default\" style=\"margin-top:var(--wp--preset--spacing--50);margin-bottom:var(--wp--preset--spacing--50)\"\/>\n\n\n\n<p>2012_IASA, New-Dehli (Vortrag: &#8222;\u00d6sterreich am Wort&#8220;&nbsp;a project giving web access to more than 5,000 mostly full length recordings&#8220;), siehe: <a href=\"http:\/\/2012.iasa-web.org\/\">http:\/\/2012.iasa-web.org\/<\/a><\/p>\n\n\n\n<hr class=\"wp-block-separator aligncenter has-text-color has-palette-color-11-color has-alpha-channel-opacity has-palette-color-11-background-color has-background is-style-default\" style=\"margin-top:var(--wp--preset--spacing--50);margin-bottom:var(--wp--preset--spacing--50)\"\/>\n\n\n\n<p>2012_Brainpool, Wien (Vorlesung: &#8222;Digitalisierung und Langzeitarchivierung&#8220;)<\/p>\n\n\n\n<h3 class=\"wp-block-heading has-text-align-left\" style=\"margin-top:var(--wp--preset--spacing--50);margin-bottom:var(--wp--preset--spacing--50)\">2011<\/h3>\n\n\n\n<p>2011-10-11_LSZ, Wien (Vortrag: &#8222;Digitale Langzeitarchivierung an der \u00d6sterreichischen Mediathek&#8220;), siehe: <a href=\"https:\/\/www.lsz-consulting.at\" target=\"_blank\" rel=\"noreferrer noopener\">https:\/\/www.lsz-consulting.at<\/a><\/p>\n\n\n\n<hr class=\"wp-block-separator aligncenter has-text-color has-palette-color-11-color has-alpha-channel-opacity has-palette-color-11-background-color has-background is-style-default\" style=\"margin-top:var(--wp--preset--spacing--50);margin-bottom:var(--wp--preset--spacing--50)\"\/>\n\n\n\n<p>2011-06-20_ULG, Wien (Vorlesungen: &#8222;Video- und Filmformate&#8220;, &#8222;Digitalisierung und Langzeitarchivierung&#8220;), siehe: <a href=\"http:\/\/bibliothek.univie.ac.at\/ulg\/\" target=\"_blank\" rel=\"noreferrer noopener\">http:\/\/bibliothek.univie.ac.at\/ulg\/<\/a><\/p>\n\n\n\n<hr class=\"wp-block-separator aligncenter has-text-color has-palette-color-11-color has-alpha-channel-opacity has-palette-color-11-background-color has-background is-style-default\" style=\"margin-top:var(--wp--preset--spacing--50);margin-bottom:var(--wp--preset--spacing--50)\"\/>\n\n\n\n<p>2011-06_ULG, Universit\u00e4t Wien (Vorlesungen: &#8222;Video- und Filmformate&#8220;, &#8222;Digitalisierung und Langzeitarchivierung&#8220;), siehe: <a href=\"http:\/\/bibliothek.univie.ac.at\/ulg\/\" target=\"_blank\" rel=\"noreferrer noopener\">http:\/\/bibliothek.univie.ac.at\/ulg\/<\/a><\/p>\n\n\n\n<hr class=\"wp-block-separator aligncenter has-text-color has-palette-color-11-color has-alpha-channel-opacity has-palette-color-11-background-color has-background is-style-default\" style=\"margin-top:var(--wp--preset--spacing--50);margin-bottom:var(--wp--preset--spacing--50)\"\/>\n\n\n\n<p>2011-02-04_OEGDI-Lehrgang, Wien (Vorlesungen: &#8222;Video- und Filmformate&#8220;, &#8222;Digitalisierung und Langzeitarchivierung&#8220;), siehe: <a href=\"http:\/\/oegdi.at\/\" target=\"_blank\" rel=\"noreferrer noopener\">http:\/\/oegdi.at\/<\/a><\/p>\n\n\n\n<hr class=\"wp-block-separator aligncenter has-text-color has-palette-color-11-color has-alpha-channel-opacity has-palette-color-11-background-color has-background is-style-default\" style=\"margin-top:var(--wp--preset--spacing--50);margin-bottom:var(--wp--preset--spacing--50)\"\/>\n\n\n\n<p>2011-01-21_TMW-Kuratorium, Wien (Vortrag: &#8222;Digitalisierung&#8220;)<\/p>\n\n\n\n<hr class=\"wp-block-separator aligncenter has-text-color has-palette-color-11-color has-alpha-channel-opacity has-palette-color-11-background-color has-background is-style-default\" style=\"margin-top:var(--wp--preset--spacing--50);margin-bottom:var(--wp--preset--spacing--50)\"\/>\n\n\n\n<p>2011_IASA. Frankfurt (Vortrag:&#8220;Video digitization at the Austrian Mediathek&#8220;), siehe: <a href=\"http:\/\/2011.iasa-web.org\/\" target=\"_blank\" rel=\"noreferrer noopener\">http:\/\/2011.iasa-web.org\/<\/a><\/p>\n\n\n\n<hr class=\"wp-block-separator aligncenter has-text-color has-palette-color-11-color has-alpha-channel-opacity has-palette-color-11-background-color has-background is-style-default\" style=\"margin-top:var(--wp--preset--spacing--50);margin-bottom:var(--wp--preset--spacing--50)\"\/>\n\n\n\n<p>2011_Brainpool, Wien (Vorlesung: &#8222;Digitalisierung und Langzeitarchivierung&#8220;)<\/p>\n\n\n\n<h3 class=\"wp-block-heading has-text-align-left\" style=\"margin-top:var(--wp--preset--spacing--50);margin-bottom:var(--wp--preset--spacing--50)\">2010<\/h3>\n\n\n\n<p>2010-10_50-Jahre_Mediathek, Technisches Museum Wien (Vortrag: &#8222;Video-Digitalisierung an der \u00d6sterreichischen Mediathek&#8220;) <\/p>\n\n\n\n<hr class=\"wp-block-separator aligncenter has-text-color has-palette-color-11-color has-alpha-channel-opacity has-palette-color-11-background-color has-background is-style-default\" style=\"margin-top:var(--wp--preset--spacing--50);margin-bottom:var(--wp--preset--spacing--50)\"\/>\n\n\n\n<p>2010-09-16_Dabis-Tagung, Wien (Vortrag: &#8222;Digitalisierung von Video zum Zwecke der Langzeitarchivierung an der \u00d6sterreichischen Mediathek&#8220;)<\/p>\n\n\n\n<hr class=\"wp-block-separator aligncenter has-text-color has-palette-color-11-color has-alpha-channel-opacity has-palette-color-11-background-color has-background is-style-default\" style=\"margin-top:var(--wp--preset--spacing--50);margin-bottom:var(--wp--preset--spacing--50)\"\/>\n\n\n\n<p>2010-06-02_ULG, Universit\u00e4t Wien (Vorlesungen: &#8222;Video- und Filmformate&#8220;, &#8222;Digitalisierung und Langzeitarchivierung&#8220;), siehe: <a href=\"http:\/\/bibliothek.univie.ac.at\/ulg\/\" target=\"_blank\" rel=\"noreferrer noopener\">http:\/\/bibliothek.univie.ac.at\/ulg\/<\/a><\/p>\n\n\n\n<hr class=\"wp-block-separator aligncenter has-text-color has-palette-color-11-color has-alpha-channel-opacity has-palette-color-11-background-color has-background is-style-default\" style=\"margin-top:var(--wp--preset--spacing--50);margin-bottom:var(--wp--preset--spacing--50)\"\/>\n\n\n\n<p>010-06_ULG, Universit\u00e4t Wien (Vorlesungen: &#8222;Video- und Filmformate&#8220;, &#8222;Digitalisierung und Langzeitarchivierung&#8220;), siehe: <a href=\"http:\/\/bibliothek.univie.ac.at\/ulg\/\" target=\"_blank\" rel=\"noreferrer noopener\">http:\/\/bibliothek.univie.ac.at\/ulg\/<\/a><\/p>\n\n\n\n<hr class=\"wp-block-separator aligncenter has-text-color has-palette-color-11-color has-alpha-channel-opacity has-palette-color-11-background-color has-background is-style-default\" style=\"margin-top:var(--wp--preset--spacing--50);margin-bottom:var(--wp--preset--spacing--50)\"\/>\n\n\n\n<p>2010-05_JTS, Oslo (Vortrag: &#8222;Long Term Preservation: The Time After&#8220;), siehe: <a href=\"http:\/\/www.jts2010.org\/\" target=\"_blank\" rel=\"noreferrer noopener\">http:\/\/www.jts2010.org\/<\/a><\/p>\n\n\n\n<hr class=\"wp-block-separator aligncenter has-text-color has-palette-color-11-color has-alpha-channel-opacity has-palette-color-11-background-color has-background is-style-default\" style=\"margin-top:var(--wp--preset--spacing--50);margin-bottom:var(--wp--preset--spacing--50)\"\/>\n\n\n\n<p>2010-02-12_OEGDI-Lehrgang, Wien (Vorlesungen: &#8222;Video- und Filmformate&#8220;, &#8222;Digitalisierung und Langzeitarchivierung&#8220;) siehe: <a href=\"http:\/\/oegdi.at\/\" target=\"_blank\" rel=\"noreferrer noopener\">http:\/\/oegdi.at\/<\/a><\/p>\n\n\n\n<hr class=\"wp-block-separator aligncenter has-text-color has-palette-color-11-color has-alpha-channel-opacity has-palette-color-11-background-color has-background is-style-default\" style=\"margin-top:var(--wp--preset--spacing--50);margin-bottom:var(--wp--preset--spacing--50)\"\/>\n\n\n\n<p>2010_IASA, Philadelphia (Vortrag: &#8222;Video digitization at the Austrian Mediathek&#8220;), siehe: <a href=\"http:\/\/2010.iasa-web.org\/\" target=\"_blank\" rel=\"noreferrer noopener\">http:\/\/2010.iasa-web.org\/<\/a><\/p>\n\n\n\n<hr class=\"wp-block-separator aligncenter has-text-color has-palette-color-11-color has-alpha-channel-opacity has-palette-color-11-background-color has-background is-style-default\" style=\"margin-top:var(--wp--preset--spacing--50);margin-bottom:var(--wp--preset--spacing--50)\"\/>\n\n\n\n<p>2010_Brainpool, Wien (Vorlesung: &#8222;Digitalisierung und Langzeitarchivierung&#8220;)<\/p>\n\n\n\n<h3 class=\"wp-block-heading has-text-align-left\" style=\"margin-top:var(--wp--preset--spacing--50);margin-bottom:var(--wp--preset--spacing--50)\">2009<\/h3>\n\n\n\n<p>2009-11_Archivtag-Volksliedwerk, Wien (Vortrag: &#8222;10 Jahre Audio-Digitalisierung an der \u00d6sterreichischen Mediathek&#8220;)<\/p>\n\n\n\n<hr class=\"wp-block-separator aligncenter has-text-color has-palette-color-11-color has-alpha-channel-opacity has-palette-color-11-background-color has-background is-style-default\" style=\"margin-top:var(--wp--preset--spacing--50);margin-bottom:var(--wp--preset--spacing--50)\"\/>\n\n\n\n<p>2009-06-22_ub-wien_bibliothekarsausbildung, Wien (Vorlesungen: &#8222;Video- und Filmformate&#8220;, &#8222;Digitalisierung und Langzeitarchivierung&#8220;)<\/p>\n\n\n\n<hr class=\"wp-block-separator aligncenter has-text-color has-palette-color-11-color has-alpha-channel-opacity has-palette-color-11-background-color has-background is-style-default\" style=\"margin-top:var(--wp--preset--spacing--50);margin-bottom:var(--wp--preset--spacing--50)\"\/>\n\n\n\n<p>2009-06_ULG, Universit\u00e4t Wien (Vorlesungen: &#8222;Video- und Filmformate&#8220;, &#8222;Digitalisierung und Langzeitarchivierung&#8220;), siehe: <a href=\"http:\/\/bibliothek.univie.ac.at\/ulg\/\" target=\"_blank\" rel=\"noreferrer noopener\">http:\/\/bibliothek.univie.ac.at\/ulg\/<\/a><\/p>\n\n\n\n<hr class=\"wp-block-separator aligncenter has-text-color has-palette-color-11-color has-alpha-channel-opacity has-palette-color-11-background-color has-background is-style-default\" style=\"margin-top:var(--wp--preset--spacing--50);margin-bottom:var(--wp--preset--spacing--50)\"\/>\n\n\n\n<p>2009-05_ULG, Universit\u00e4t Wien (Vorlesungen: &#8222;Video- und Filmformate&#8220;, &#8222;Digitalisierung und Langzeitarchivierung&#8220;), siehe: <a href=\"http:\/\/bibliothek.univie.ac.at\/ulg\/\" target=\"_blank\" rel=\"noreferrer noopener\">http:\/\/bibliothek.univie.ac.at\/ulg\/<\/a><\/p>\n\n\n\n<hr class=\"wp-block-separator aligncenter has-text-color has-palette-color-11-color has-alpha-channel-opacity has-palette-color-11-background-color has-background is-style-default\" style=\"margin-top:var(--wp--preset--spacing--50);margin-bottom:var(--wp--preset--spacing--50)\"\/>\n\n\n\n<p>2009_Brainpool, Wien (Vorlesung: &#8222;Digitalisierung und Langzeitarchivierung&#8220;)<\/p>\n\n\n\n<h3 class=\"wp-block-heading has-text-align-left\" style=\"margin-top:var(--wp--preset--spacing--50);margin-bottom:var(--wp--preset--spacing--50)\">2008<\/h3>\n\n\n\n<p>2008-11_deutsch-schweizer-IASA-Branche (Vortrag:&#8220;Langzeitarchivierung \u201eohne\u201c&nbsp; Systeme&#8220;), siehe: <a href=\"http:\/\/www.iasa-online.de\/bericht_2008.html\" target=\"_blank\" rel=\"noreferrer noopener\">http:\/\/www.iasa-online.de\/bericht_2008.html<\/a><\/p>\n\n\n\n<hr class=\"wp-block-separator aligncenter has-text-color has-palette-color-11-color has-alpha-channel-opacity has-palette-color-11-background-color has-background is-style-default\" style=\"margin-top:var(--wp--preset--spacing--50);margin-bottom:var(--wp--preset--spacing--50)\"\/>\n\n\n\n<p>2008-06_ULG, Universit\u00e4t Wien (Vorlesungen: &#8222;Video- und Filmformate&#8220;, &#8222;Digitalisierung und Langzeitarchivierung&#8220;), siehe: <a href=\"http:\/\/bibliothek.univie.ac.at\/ulg\/\" target=\"_blank\" rel=\"noreferrer noopener\">http:\/\/bibliothek.univie.ac.at\/ulg\/<\/a><\/p>\n\n\n\n<hr class=\"wp-block-separator aligncenter has-text-color has-palette-color-11-color has-alpha-channel-opacity has-palette-color-11-background-color has-background is-style-default\" style=\"margin-top:var(--wp--preset--spacing--50);margin-bottom:var(--wp--preset--spacing--50)\"\/>\n\n\n\n<p>2008_IASA, Sydney, Australia (Vortrag:&#8220;Storing audio visual content in the digital domain is more pretentious than bankers demand for their content but has to be cheaper !&#8220;), siehe: <a href=\"http:\/\/2008.iasa-web.org\/\" target=\"_blank\" rel=\"noreferrer noopener\">http:\/\/2008.iasa-web.org\/<\/a><\/p>\n\n\n\n<hr class=\"wp-block-separator aligncenter has-text-color has-palette-color-11-color has-alpha-channel-opacity has-palette-color-11-background-color has-background is-style-default\" style=\"margin-top:var(--wp--preset--spacing--50);margin-bottom:var(--wp--preset--spacing--50)\"\/>\n\n\n\n<p>2008_Brainpool, Wien (Vorlesung: &#8222;Digitalisierung und Langzeitarchivierung&#8220;)<\/p>\n\n\n\n<h3 class=\"wp-block-heading has-text-align-left\" style=\"margin-top:var(--wp--preset--spacing--50);margin-bottom:var(--wp--preset--spacing--50)\">2007<\/h3>\n\n\n\n<p>2007-06_JTS, Toronto (Vortrag: &#8222;Metamorphosis of a digital system. A retrospect to 7 years of growing experience for audio digitizing&#8220;), siehe: <a href=\"http:\/\/www.thejts.org\/?page_id=54\" target=\"_blank\" rel=\"noreferrer noopener\">http:\/\/www.thejts.org\/?page_id=54<\/a><\/p>\n\n\n\n<hr class=\"wp-block-separator aligncenter has-text-color has-palette-color-11-color has-alpha-channel-opacity has-palette-color-11-background-color has-background is-style-default\" style=\"margin-top:var(--wp--preset--spacing--50);margin-bottom:var(--wp--preset--spacing--50)\"\/>\n\n\n\n<p>2007-06_ULG, Universit\u00e4t Wien (Vorlesungen: &#8222;Video- und Filmformate&#8220;, &#8222;Digitalisierung und Langzeitarchivierung&#8220;), siehe: <a href=\"http:\/\/bibliothek.univie.ac.at\/ulg\/\" target=\"_blank\" rel=\"noreferrer noopener\">http:\/\/bibliothek.univie.ac.at\/ulg\/<\/a><\/p>\n\n\n\n<hr class=\"wp-block-separator aligncenter has-text-color has-palette-color-11-color has-alpha-channel-opacity has-palette-color-11-background-color has-background is-style-default\" style=\"margin-top:var(--wp--preset--spacing--50);margin-bottom:var(--wp--preset--spacing--50)\"\/>\n\n\n\n<p>2007-03-29_ULG, Universit\u00e4t Wien (Vorlesungen: &#8222;Video- und Filmformate&#8220;, &#8222;Digitalisierung und Langzeitarchivierung&#8220;), siehe: <a href=\"http:\/\/bibliothek.univie.ac.at\/ulg\/\" target=\"_blank\" rel=\"noreferrer noopener\">http:\/\/bibliothek.univie.ac.at\/ulg\/<\/a><\/p>\n\n\n\n<hr class=\"wp-block-separator aligncenter has-text-color has-palette-color-11-color has-alpha-channel-opacity has-palette-color-11-background-color has-background is-style-default\" style=\"margin-top:var(--wp--preset--spacing--50);margin-bottom:var(--wp--preset--spacing--50)\"\/>\n\n\n\n<p>2007-03_Prestospace, Paris (Vortrag:&#8220; \u2026 preserving factory&#8220;)<\/p>\n\n\n\n<hr class=\"wp-block-separator aligncenter has-text-color has-palette-color-11-color has-alpha-channel-opacity has-palette-color-11-background-color has-background is-style-default\" style=\"margin-top:var(--wp--preset--spacing--50);margin-bottom:var(--wp--preset--spacing--50)\"\/>\n\n\n\n<p>2007_Tape-Schulung_November (Vortrag:&#8220;Mass Storage&#8220;)<\/p>\n\n\n\n<hr class=\"wp-block-separator aligncenter has-text-color has-palette-color-11-color has-alpha-channel-opacity has-palette-color-11-background-color has-background is-style-default\" style=\"margin-top:var(--wp--preset--spacing--50);margin-bottom:var(--wp--preset--spacing--50)\"\/>\n\n\n\n<p>2007_IASA, Riga (Vortrag: &#8222;When Archives go Digital&#8220;), siehe: <a href=\"http:\/\/old.baacouncil.org\/conference\/?m=32\" target=\"_blank\" rel=\"noreferrer noopener\">http:\/\/old.baacouncil.org\/conference\/?m=32<\/a><\/p>\n\n\n\n<hr class=\"wp-block-separator aligncenter has-text-color has-palette-color-11-color has-alpha-channel-opacity has-palette-color-11-background-color has-background is-style-default\" style=\"margin-top:var(--wp--preset--spacing--50);margin-bottom:var(--wp--preset--spacing--50)\"\/>\n\n\n\n<p>2007_Brainpool, Wien (Vorlesung: &#8222;Digitalisierung und Langzeitarchivierung&#8220;)<\/p>\n\n\n\n<h3 class=\"wp-block-heading has-text-align-left\" style=\"margin-top:var(--wp--preset--spacing--50);margin-bottom:var(--wp--preset--spacing--50)\">2006<\/h3>\n\n\n\n<p>2006-05-18_Prestospace (Vortrag: &#8222;Practical problems related to the transfer of non-homogeneous collections: \u201cFactory-transfers\u201d vs. conventional archival ingest&#8220;)<\/p>\n\n\n\n<hr class=\"wp-block-separator aligncenter has-text-color has-palette-color-11-color has-alpha-channel-opacity has-palette-color-11-background-color has-background is-style-default\" style=\"margin-top:var(--wp--preset--spacing--50);margin-bottom:var(--wp--preset--spacing--50)\"\/>\n\n\n\n<p>2006-04_ULG, Universit\u00e4t Wien (Vorlesungen: &#8222;Video- und Filmformate&#8220;, &#8222;Digitalisierung und Langzeitarchivierung&#8220;), siehe: <a href=\"http:\/\/bibliothek.univie.ac.at\/ulg\/\" target=\"_blank\" rel=\"noreferrer noopener\">http:\/\/bibliothek.univie.ac.at\/ulg\/<\/a><\/p>\n\n\n\n<hr class=\"wp-block-separator aligncenter has-text-color has-palette-color-11-color has-alpha-channel-opacity has-palette-color-11-background-color has-background is-style-default\" style=\"margin-top:var(--wp--preset--spacing--50);margin-bottom:var(--wp--preset--spacing--50)\"\/>\n\n\n\n<p>2006_Tape_Wien (Vortrag: &#8222;The History of the Storage System at the \u00d6sterreichische Mediathek&#8220;)<\/p>\n\n\n\n<hr class=\"wp-block-separator aligncenter has-text-color has-palette-color-11-color has-alpha-channel-opacity has-palette-color-11-background-color has-background is-style-default\" style=\"margin-top:var(--wp--preset--spacing--50);margin-bottom:var(--wp--preset--spacing--50)\"\/>\n\n\n\n<p>2006-06_\u201cAn Expedition to European Digital Heritage\u201d, Salzburg (Vortrag \u00fcber Workflows an der \u00d6sterreichischen Mediathek, zusammen mit Rainer Hubert)<\/p>\n\n\n\n<h3 class=\"wp-block-heading has-text-align-left\" style=\"margin-top:var(--wp--preset--spacing--50);margin-bottom:var(--wp--preset--spacing--50)\">2005<\/h3>\n\n\n\n<p>2005_Vienna Summerschool, Wien (Vortrag: &#8222;preservation and access systems in media archives&#8220;), siehe: <a href=\"https:\/\/hermann.jodli.me\/wp-content\/uploads\/2017\/12\/summerschool.pdf\" target=\"_blank\" rel=\"noreferrer noopener\">summerschool<\/a><\/p>\n\n\n\n<h3 class=\"wp-block-heading has-text-align-left\" style=\"margin-top:var(--wp--preset--spacing--50);margin-bottom:var(--wp--preset--spacing--50)\">2003<\/h3>\n\n\n\n<p>2003_ODOK_Salzburg (Vortrag: &#8222;T\u00f6ne im Netz &#8211; Das Digitale Archiv in der \u00d6sterreichischen Mediathek&#8220;, zusammen mit Gabriele Fr\u00f6schl), siehe: <a href=\"https:\/\/www.uibk.ac.at\/voeb\/odok2003\/\" target=\"_blank\" rel=\"noreferrer noopener\">https:\/\/www.uibk.ac.at\/voeb\/odok2003\/<\/a><\/p>\n\n\n\n<h3 class=\"wp-block-heading has-text-align-left\" style=\"margin-top:var(--wp--preset--spacing--50);margin-bottom:var(--wp--preset--spacing--50)\">2002<\/h3>\n\n\n\n<p>2002_IASA_Aarhus (Vortrag: &#8222;New ways of access and new strategy of long term preservation &#8211; Presentation of the Digital media system of \u00d6sterreichische Mediathek&#8220;), siehe: <a href=\"http:\/\/2002.iasa-web.org\/\" target=\"_blank\" rel=\"noreferrer noopener\">http:\/\/2002.iasa-web.org\/<\/a><\/p>\n<\/div>\n","protected":false},"excerpt":{"rendered":"<p>Vortr\u00e4ge und Lehrveranstaltungen 2017 2017-09_IASA, Berlin (Workshop: &#8222;How can we spare storage space?&#8220;), siehe: http:\/\/2017.iasa-web.org\/ 2017-03-31_extra-Zimmer, Graz (Podiumsdiskussion: Technische Aspekte digitaler (Langzeit)archive) siehe: http:\/\/extrazimmer.mur.at\/ 2016 2016-07-18_Pre-IETF-Symposion &#8222;No Time to Wait, No. 1&#8220;, Berlin (Vortrag: &#8222;DVA-Profession: one of the very view workflow management systems dealing with ffv1&#8220;) siehe: https:\/\/mediaarea.net\/MediaConch\/notimetowait.html 2016-04-29_ULG, Universit\u00e4t Wien (Vorlesungen: &#8222;Video- und Filmformate&#8220;, [&hellip;]<\/p>\n","protected":false},"author":1,"featured_media":0,"parent":0,"menu_order":0,"comment_status":"closed","ping_status":"closed","template":"","meta":{"footnotes":""},"class_list":["post-951","page","type-page","status-publish","hentry"],"blocksy_meta":{"page_structure_type":"default","content_style_source":"custom","content_style":"wide","styles_descriptor":{"styles":{"desktop":"[data-prefix=\"single_page\"] [class*=\"ct-container\"] > article[class*=\"post\"] {--has-boxed:var(--false);--has-wide:var(--true);}","tablet":"","mobile":""},"google_fonts":[],"version":6}},"_links":{"self":[{"href":"https:\/\/hermann.lewetz.at\/de\/wp-json\/wp\/v2\/pages\/951","targetHints":{"allow":["GET"]}}],"collection":[{"href":"https:\/\/hermann.lewetz.at\/de\/wp-json\/wp\/v2\/pages"}],"about":[{"href":"https:\/\/hermann.lewetz.at\/de\/wp-json\/wp\/v2\/types\/page"}],"author":[{"embeddable":true,"href":"https:\/\/hermann.lewetz.at\/de\/wp-json\/wp\/v2\/users\/1"}],"replies":[{"embeddable":true,"href":"https:\/\/hermann.lewetz.at\/de\/wp-json\/wp\/v2\/comments?post=951"}],"version-history":[{"count":32,"href":"https:\/\/hermann.lewetz.at\/de\/wp-json\/wp\/v2\/pages\/951\/revisions"}],"predecessor-version":[{"id":2130,"href":"https:\/\/hermann.lewetz.at\/de\/wp-json\/wp\/v2\/pages\/951\/revisions\/2130"}],"wp:attachment":[{"href":"https:\/\/hermann.lewetz.at\/de\/wp-json\/wp\/v2\/media?parent=951"}],"curies":[{"name":"wp","href":"https:\/\/api.w.org\/{rel}","templated":true}]}}