{"id":543,"date":"2017-11-16T10:00:52","date_gmt":"2017-11-16T09:00:52","guid":{"rendered":"https:\/\/hermann.jodli.me\/?page_id=543"},"modified":"2025-04-17T00:01:40","modified_gmt":"2025-04-16T22:01:40","slug":"curriculum-vitae","status":"publish","type":"page","link":"https:\/\/hermann.lewetz.at\/de\/curriculum-vitae\/","title":{"rendered":"Curriculum vitae"},"content":{"rendered":"\n<div style=\"height:100px\" aria-hidden=\"true\" class=\"wp-block-spacer\"><\/div>\n\n\n\n<h2 class=\"wp-block-heading has-text-align-center\">Curriculum vitae<\/h2>\n\n\n\n<figure class=\"wp-block-image alignright size-full wp-duotone-unset-1\"><img loading=\"lazy\" decoding=\"async\" width=\"600\" height=\"680\" src=\"https:\/\/hermann.lewetz.at\/wp-content\/uploads\/2017\/11\/Hermann_Lewetz_gelb_verkleinert_5.png\" alt=\"\" class=\"wp-image-647\" srcset=\"https:\/\/hermann.lewetz.at\/wp-content\/uploads\/2017\/11\/Hermann_Lewetz_gelb_verkleinert_5.png 600w, https:\/\/hermann.lewetz.at\/wp-content\/uploads\/2017\/11\/Hermann_Lewetz_gelb_verkleinert_5-265x300.png 265w, https:\/\/hermann.lewetz.at\/wp-content\/uploads\/2017\/11\/Hermann_Lewetz_gelb_verkleinert_5-230x261.png 230w, https:\/\/hermann.lewetz.at\/wp-content\/uploads\/2017\/11\/Hermann_Lewetz_gelb_verkleinert_5-350x397.png 350w, https:\/\/hermann.lewetz.at\/wp-content\/uploads\/2017\/11\/Hermann_Lewetz_gelb_verkleinert_5-480x544.png 480w\" sizes=\"auto, (max-width: 600px) 100vw, 600px\" \/><\/figure>\n\n\n\n<p><a href=\"https:\/\/hermann.lewetz.at\/wp-content\/uploads\/2025\/04\/Hermann_Lewetz_CV.pdf\" target=\"_blank\" rel=\"noreferrer noopener\">PDF<\/a><\/p>\n\n\n\n<h2 class=\"wp-block-heading has-text-align-center\"><br><br><span style=\"color: #d65050;\">Mag. Hermann Lewetz<\/span><\/h2>\n\n\n\n<h4 class=\"wp-block-heading has-text-align-center\">Filmeditor &amp; Kameramann<\/h4>\n\n\n\n<blockquote class=\"wp-block-quote has-text-align-center is-style-large is-style-plain is-layout-flow wp-block-quote-is-layout-flow\">\n<p><\/p>\n\n\n\n<p><em>Schnitt ist der zentrale Prozess in der Arbeitskette eines Filmprojektes.<br>In dieser Phase werden alle Komponenten<\/em><br><em>(Buch, Inszenierung, Performance, Bildgestaltung, Ton, Musik etc.)<\/em><br><em>zu dem Gesamtwerk,<\/em> <em>dem Film<\/em><br><em>zusammengef\u00fcgt.<br>Das ist ein unglaublich spannender Moment.<br>Hier wird der Film \u201egemacht\u201c.<br><br><\/em><\/p>\n\n\n\n<div style=\"height:12px\" aria-hidden=\"true\" class=\"wp-block-spacer\"><\/div>\n<\/blockquote>\n\n\n\n<p>1963 geboren in Deutschland.<\/p>\n\n\n\n<h4 class=\"wp-block-heading\"><strong>Ausbildung:<\/strong><\/h4>\n\n\n\n<p>1985-1995 Studium Schnitt (Diplom) und Kamera an der Hochschule f\u00fcr Musik und darstellende Kunst \/ Wien<\/p>\n\n\n\n<h4 class=\"wp-block-heading\"><strong>Werdegang:<\/strong><\/h4>\n\n\n\n<p>Seit April 2024 Mitglied der AEA (<a href=\"https:\/\/www.editors.at\/\">Schnittverband<\/a>)<\/p>\n\n\n\n<p>Seit M\u00e4rz 2019 im Team von <strong>Navigatorfilm<\/strong><\/p>\n\n\n\n<p>Seit 2017 freiberuflich t\u00e4tig als <strong>Filmeditor, Kameramann<\/strong> und <strong>Berater f\u00fcr digitale Langzeitarchivierung<\/strong><\/p>\n\n\n\n<p>Seit 2009 Mitglied des technischen Komitees der IASA (\u201e<a href=\"https:\/\/www.iasa-web.org\/\">International Association of Sound and Audiovisual Archives<\/a>\u201c)<\/p>\n\n\n\n<p>1997 &#8211; 2017 angestellt an der <strong>\u00d6sterreichischen Mediathek<\/strong> (damals \u201ePhonothek\u201c)<\/p>\n\n\n\n<ul class=\"wp-block-list\">\n<li>Aufbau und Leitung des Videostudios<\/li>\n\n\n\n<li>verantwortlich f\u00fcr die Digitalisierung und den Massenspeicher der \u00d6sterreichischen Mediathek<\/li>\n\n\n\n<li>K<strong>onzeptentwicklung von \u201eDVA-Profession\u201c<\/strong> (Verwaltungssystem f\u00fcr professionelle Video-Digitalisierung)<\/li>\n\n\n\n<li><strong>Konzeptentwicklung von \u201eDLP\u201c<\/strong> (System f\u00fcr digitale Langzeitarchivierung)<\/li>\n\n\n\n<li>Publikationen, Vortr\u00e4ge und Lehrt\u00e4tigkeiten haupts\u00e4chlich zu den Themen: \u201e<a href=\"https:\/\/hermann.lewetz.at\/publikationen\/\" data-type=\"page\" data-id=\"308\">Digitalisierung\u201c und \u201edigitale Langzeitarchivierung<\/a>\u201c<\/li>\n<\/ul>\n\n\n\n<p>1994 -1997 angestellt als <strong>Filmeditor<\/strong> (analog) \/ Institut f\u00fcr den wissenschaftlichen Film \/ Wien<\/p>\n\n\n\n<h4 class=\"wp-block-heading\"><strong>Filmt\u00e4tigkeit (Auswahl):<\/strong><\/h4>\n\n\n\n<p>2024\/2025 \u201e<strong>Schlendern ist mein Metier &#8211; Der Schriftsteller Karl-Markus Gau\u00df<\/strong>\u201c (Dokumentarfilm) \/ <strong><em>Schnittassistenz<\/em><\/strong><br>Regie: Johannes Holzhausen<\/p>\n\n\n\n<p>2023 \u201e<strong>3 Sachen kaufen- How I tried to save the little shop in our community building by galvaising my neighbours and failed<\/strong>\u201c (Kurzfilm)<br><strong><em>Kamera und Schnitt<\/em><\/strong><br>Konzept und Regie: Gabriele Mathes<\/p>\n\n\n\n<p>2023 \u201e<strong>Mein Zimmer<\/strong>\u201c (Dokumentarfilm)<br><strong><em>Schnitt<\/em><\/strong><br>Regie: Monika Stuhl<\/p>\n\n\n\n<p>2021 \u201e<strong>Top Sekret\u201c (<\/strong>Trailer<strong>)<\/strong> \/ <strong><em>Schnitt<\/em><\/strong><br>Regie: Karin Berghammer<\/p>\n\n\n\n<p>2020 \u201e<strong>Brot<\/strong>\u201c (Dokumentarfilm)<br><strong><em>Schnittassistenz<\/em><\/strong><br>Regie: Harald Friedl<\/p>\n\n\n\n<p>2015 \u201e<strong>Gef\u00fchl: Dobermann<\/strong>\u201c (Kurzfilm)<br><strong><em>Kamera<\/em> und Schnitt<\/strong><br>Regie: Gabriele Mathes<\/p>\n\n\n\n<p>2012 \u201e<strong>Flaschenpost<\/strong>\u201c (Kurzfilm)<br><strong>Co-Kamera <em>und<\/em> Schnitt<\/strong><br>Regie: Gabriele Mathes<\/p>\n\n\n\n<p><a href=\"https:\/\/hermann.lewetz.at\/filmographie\/\">(\u2026 zur Filmographie)<\/a><\/p>\n\n\n\n<h4 class=\"wp-block-heading\"><strong>\u00dcbrigens:<\/strong><\/h4>\n\n\n\n<p>Durch meine langj\u00e4hrige T\u00e4tigkeit an einem audiovisuellen Archiv verf\u00fcge ich <strong>\u00fcber umfangreiches Wissen \u00fcber digitale und analoge Medien<\/strong>. Dieses Wissen ist nicht nur theoretischer Natur. Ich habe im Zeitraum von 20 Jahren mit nahezu allen Medienformaten, Codex, Kassetten und den dazugeh\u00f6rigen Ger\u00e4ten gearbeitet.<\/p>\n\n\n\n<p><\/p>\n","protected":false},"excerpt":{"rendered":"<p>Curriculum vitae PDF Mag. Hermann Lewetz Filmeditor &amp; Kameramann 1963 geboren in Deutschland. Ausbildung: 1985-1995 Studium Schnitt (Diplom) und Kamera an der Hochschule f\u00fcr Musik und darstellende Kunst \/ Wien Werdegang: Seit April 2024 Mitglied der AEA (Schnittverband) Seit M\u00e4rz 2019 im Team von Navigatorfilm Seit 2017 freiberuflich t\u00e4tig als Filmeditor, Kameramann und Berater f\u00fcr [&hellip;]<\/p>\n","protected":false},"author":1,"featured_media":0,"parent":0,"menu_order":0,"comment_status":"closed","ping_status":"closed","template":"","meta":{"footnotes":""},"class_list":["post-543","page","type-page","status-publish","hentry"],"blocksy_meta":[],"_links":{"self":[{"href":"https:\/\/hermann.lewetz.at\/de\/wp-json\/wp\/v2\/pages\/543","targetHints":{"allow":["GET"]}}],"collection":[{"href":"https:\/\/hermann.lewetz.at\/de\/wp-json\/wp\/v2\/pages"}],"about":[{"href":"https:\/\/hermann.lewetz.at\/de\/wp-json\/wp\/v2\/types\/page"}],"author":[{"embeddable":true,"href":"https:\/\/hermann.lewetz.at\/de\/wp-json\/wp\/v2\/users\/1"}],"replies":[{"embeddable":true,"href":"https:\/\/hermann.lewetz.at\/de\/wp-json\/wp\/v2\/comments?post=543"}],"version-history":[{"count":50,"href":"https:\/\/hermann.lewetz.at\/de\/wp-json\/wp\/v2\/pages\/543\/revisions"}],"predecessor-version":[{"id":2199,"href":"https:\/\/hermann.lewetz.at\/de\/wp-json\/wp\/v2\/pages\/543\/revisions\/2199"}],"wp:attachment":[{"href":"https:\/\/hermann.lewetz.at\/de\/wp-json\/wp\/v2\/media?parent=543"}],"curies":[{"name":"wp","href":"https:\/\/api.w.org\/{rel}","templated":true}]}}