{"id":1324,"date":"2025-03-18T12:52:30","date_gmt":"2025-03-18T11:52:30","guid":{"rendered":"https:\/\/hermann.lewetz.at\/?page_id=1324"},"modified":"2025-06-25T20:59:50","modified_gmt":"2025-06-25T18:59:50","slug":"filmographie","status":"publish","type":"page","link":"https:\/\/hermann.lewetz.at\/de\/filmographie\/","title":{"rendered":"Filmographie"},"content":{"rendered":"\n<div class=\"wp-block-cover alignfull is-light\" style=\"margin-top:0;margin-bottom:0;padding-top:0;padding-right:0;padding-bottom:0;padding-left:0;min-height:190px;aspect-ratio:unset;\"><span aria-hidden=\"true\" class=\"wp-block-cover__background has-background-dim-0 has-background-dim\"><\/span><div class=\"wp-block-cover__inner-container is-layout-constrained wp-container-core-cover-is-layout-72190d31 wp-block-cover-is-layout-constrained\">\n<h2 class=\"wp-block-heading has-text-align-center has-palette-color-9-color has-text-color has-link-color has-large-font-size wp-elements-cdadacc9e93eeeeb079a0790c3561367\">Filmographie:<\/h2>\n\n\n\n<div style=\"height:100px\" aria-hidden=\"true\" class=\"wp-block-spacer\"><\/div>\n<\/div><\/div>\n\n\n\n<div class=\"wp-block-cover alignfull has-parallax has-aspect-ratio wp-duotone-unset-1\" style=\"border-style:none;border-width:0px;border-radius:0px;margin-top:0;margin-bottom:0;padding-right:0;padding-left:0;min-height:74px;aspect-ratio:auto;min-height:unset;\"><div class=\"wp-block-cover__image-background wp-image-1048 has-parallax\" style=\"background-position:50% 50%;background-image:url(https:\/\/hermann.lewetz.at\/wp-content\/uploads\/2017\/11\/Hermann_Lewetz_rosa_600x680.png)\"><\/div><span aria-hidden=\"true\" class=\"wp-block-cover__background has-background-dim-0 has-background-dim\" style=\"background-color:#fefff5\"><\/span><div class=\"wp-block-cover__inner-container is-layout-constrained wp-container-core-cover-is-layout-1c8124c9 wp-block-cover-is-layout-constrained\">\n<h4 class=\"wp-block-heading alignwide has-text-align-center has-palette-color-9-color has-text-color has-link-color wp-elements-bc00e7815af843cccf3c435b9220ba2c\">2025<\/h4>\n<\/div><\/div>\n\n\n\n<div class=\"wp-block-group alignfull is-layout-constrained wp-block-group-is-layout-constrained\">\n<div class=\"wp-block-columns alignfull is-layout-flex wp-container-core-columns-is-layout-28f84493 wp-block-columns-is-layout-flex\">\n<div class=\"wp-block-column animated fadeInLeft delay-200ms slower o-anim-offset-o-anim-offset-0px is-layout-flow wp-container-core-column-is-layout-1cefa90c wp-block-column-is-layout-flow\" style=\"padding-top:0;padding-right:0;padding-bottom:0;padding-left:0;flex-basis:33.3%\">\n<p class=\"has-text-align-center\" style=\"margin-top:0;margin-right:0;margin-bottom:0;margin-left:0\">Durch Anklicken des Bildes \u00f6ffnet sich eine Seite auf <br>www.navigatorfilm.com:<\/p>\n\n\n\n<figure class=\"wp-block-image alignleft size-full o-anim-offset-o-anim-offset-0px\" style=\"margin-top:0;margin-right:0;margin-bottom:0;margin-left:0\"><a href=\"https:\/\/navigatorfilm.com\/navigatorfilm\/schlendern-ist-mein-metier-der-schriftsteller-karl-markus-gauss\/\" target=\"_blank\" rel=\" noreferrer noopener\"><img loading=\"lazy\" decoding=\"async\" width=\"563\" height=\"500\" src=\"https:\/\/hermann.lewetz.at\/wp-content\/uploads\/2025\/05\/Filmstreifen_L_Gauss_Sequenz.gif\" alt=\"\" class=\"wp-image-2206\"\/><\/a><\/figure>\n<\/div>\n\n\n\n<div class=\"wp-block-column is-vertically-aligned-center is-layout-flow wp-container-core-column-is-layout-9a3ad81b wp-block-column-is-layout-flow\" style=\"padding-right:var(--wp--preset--spacing--40);padding-left:var(--wp--preset--spacing--40)\">\n<h6 class=\"wp-block-heading has-text-align-left\" style=\"margin-top:var(--wp--preset--spacing--60);margin-bottom:0;padding-top:0;padding-bottom:0\">(Schnittassistenz)<\/h6>\n\n\n\n<h4 class=\"wp-block-heading has-palette-color-9-color has-text-color has-link-color wp-elements-93ff85b38a59bff4530e6cbdd5a1be34\">AT 2025, DCP, 80 Min, Farbe, Dokumentarfilm<\/h4>\n\n\n\n<h4 class=\"wp-block-heading\">Buch, Regie: Johannes Holzhausen<\/h4>\n\n\n\n<p style=\"padding-right:var(--wp--preset--spacing--80)\">Karl-Markus Gau\u00df ist vor allem f\u00fcr seine Reiseliteratur \u00fcber die Minderheiten Europas bekannt. Der Dokumentarfilm <em>Schlendern ist mein Metier<\/em> begleitet den Schriftsteller zu diesen Menschen und ihren Orten und beobachtet ihn bei seiner Reflexion und Schreibarbeit im heimischen Salzburg. Die Geschichten, die ihm erz\u00e4hlt werden und die Geschichten, die er erz\u00e4hlt, sind ein Ank\u00e4mpfen gegen das Vergessen, gerade auch im Angesicht der eigenen Verg\u00e4nglichkeit.<\/p>\n\n\n\n<details class=\"wp-block-mamaduka-toggles wp-block-toggles\"><summary>Credits:<\/summary><div class=\"wp-block-toggles__content\">\n<div class=\"wp-block-columns is-layout-flex wp-container-core-columns-is-layout-28f84493 wp-block-columns-is-layout-flex\">\n<div class=\"wp-block-column is-layout-flow wp-block-column-is-layout-flow\">\n<p style=\"margin-top:0;margin-bottom:0\"><strong>Regie und Buch<\/strong>: Johannes Holzhausen<\/p>\n\n\n\n<p style=\"margin-top:0;margin-bottom:0\"><strong>Kamera<\/strong>: Joerg Burger<\/p>\n\n\n\n<p style=\"margin-top:0;margin-bottom:0\"><strong>Ton<\/strong>: Raphael Maier, Andreas Hamza<\/p>\n\n\n\n<p style=\"margin-top:0;margin-bottom:0\"><strong>Schnitt<\/strong>: Dieter Pichler<\/p>\n\n\n\n<p style=\"margin-top:0;margin-bottom:0\"><strong>Schnittassistenz<\/strong>: Hermann Lewetz<\/p>\n\n\n\n<p style=\"margin-top:0;margin-bottom:0\"><strong>Dramaturgische Beratung<\/strong>: Constantin Wulff<\/p>\n\n\n\n<p style=\"margin-top:0;margin-bottom:0\"><strong>Herstellungsleitung<\/strong>: Monika Lendl<\/p>\n\n\n\n<p style=\"margin-top:0;margin-bottom:0\"><strong>Produzent(en)<\/strong>: Johannes Rosenberger, Johannes Holzhausen, Constantin Wulff<\/p>\n<\/div>\n<\/div>\n<\/div><\/details>\n<\/div>\n\n\n\n<div class=\"wp-block-column is-layout-flow wp-block-column-is-layout-flow\"><\/div>\n<\/div>\n<\/div>\n\n\n\n<div style=\"height:149px\" aria-hidden=\"true\" class=\"wp-block-spacer\"><\/div>\n\n\n\n<div class=\"wp-block-cover alignfull has-parallax has-aspect-ratio wp-duotone-unset-2\" style=\"border-style:none;border-width:0px;border-radius:0px;margin-top:0;margin-bottom:0;padding-right:0;padding-left:0;min-height:74px;aspect-ratio:auto;min-height:unset;\"><div class=\"wp-block-cover__image-background wp-image-1048 has-parallax\" style=\"background-position:50% 50%;background-image:url(https:\/\/hermann.lewetz.at\/wp-content\/uploads\/2017\/11\/Hermann_Lewetz_rosa_600x680.png)\"><\/div><span aria-hidden=\"true\" class=\"wp-block-cover__background has-background-dim-0 has-background-dim\" style=\"background-color:#fefff5\"><\/span><div class=\"wp-block-cover__inner-container is-layout-constrained wp-container-core-cover-is-layout-1c8124c9 wp-block-cover-is-layout-constrained\">\n<h4 class=\"wp-block-heading alignwide has-text-align-center has-palette-color-9-color has-text-color has-link-color wp-elements-5e761ea4e40b0bbd408d1c9f1dd3c6e9\">2024<\/h4>\n<\/div><\/div>\n\n\n\n<div class=\"wp-block-group alignfull is-content-justification-center is-layout-constrained wp-container-core-group-is-layout-2a9d5110 wp-block-group-is-layout-constrained\" style=\"margin-top:0;margin-bottom:0;padding-top:0;padding-right:0;padding-bottom:0;padding-left:0\">\n<div class=\"wp-block-columns alignfull is-layout-flex wp-container-core-columns-is-layout-f732cb08 wp-block-columns-is-layout-flex\" style=\"margin-top:0;margin-bottom:0\">\n<div class=\"wp-block-column is-layout-flow wp-block-column-is-layout-flow\"><\/div>\n\n\n\n<div class=\"wp-block-column is-vertically-aligned-center is-layout-flow wp-container-core-column-is-layout-840ac6cc wp-block-column-is-layout-flow\" style=\"padding-top:0;padding-right:var(--wp--preset--spacing--40);padding-bottom:0;padding-left:var(--wp--preset--spacing--40)\">\n<h6 class=\"wp-block-heading has-text-align-left\" style=\"margin-top:0;margin-right:0;margin-bottom:0;margin-left:0;padding-top:0;padding-right:0;padding-bottom:0;padding-left:0\">(Montage)<\/h6>\n\n\n\n<h4 class=\"wp-block-heading has-text-align-left\" style=\"margin-top:0;margin-right:0;margin-bottom:0;margin-left:0;padding-top:0;padding-right:0;padding-bottom:0;padding-left:0\">AT 2024, 8 min<\/h4>\n\n\n\n<h4 class=\"wp-block-heading has-text-align-left\">KuratorInnen: Lilli Bauer und Werner T. Bauer<\/h4>\n\n\n\n<p class=\"has-text-align-left\">Ein Film f\u00fcr das Museum &#8222;rotes Wien, Waschsalon&#8220; im Rahmen der Sonderausstellung &#8222;K\u00e4the Leichter. Und die Vermessung der Frauen&#8220;.<br><a href=\"https:\/\/dasrotewien-waschsalon.at\/sonderausstellung\/kaethe-leichter-und-die-vermessung-der-frauen\">https:\/\/dasrotewien-waschsalon.at\/sonderausstellung\/kaethe-leichter-und-die-vermessung-der-frauen<\/a><\/p>\n\n\n\n<p><\/p>\n<\/div>\n\n\n\n<div class=\"wp-block-column animated fadeInRight delay-200ms slower o-anim-offset-o-anim-offset-0px is-layout-flow wp-block-column-is-layout-flow\" style=\"flex-basis:33.33%\">\n<p class=\"has-text-align-center\" style=\"margin-top:0;margin-bottom:0\">Durch Anklicken des Bildes \u00f6ffnet sich eine Seite auf <br>www.vimeo.com (Passwort erforderlich):<\/p>\n\n\n\n<figure class=\"wp-block-image alignright size-full o-anim-offset-0px\" style=\"margin-top:0;margin-right:0;margin-bottom:0;margin-left:0\"><img loading=\"lazy\" decoding=\"async\" width=\"563\" height=\"500\" src=\"https:\/\/hermann.lewetz.at\/wp-content\/uploads\/2025\/05\/Filmstreifen_R_Frauenleben-Frauenlos-1.gif\" alt=\"\" class=\"wp-image-2234\" style=\"object-fit:cover\"\/><\/figure>\n<\/div>\n<\/div>\n<\/div>\n\n\n\n<div style=\"height:100px\" aria-hidden=\"true\" class=\"wp-block-spacer\"><\/div>\n\n\n\n<div class=\"wp-block-cover alignfull has-parallax has-aspect-ratio wp-duotone-unset-3\" style=\"border-style:none;border-width:0px;border-radius:0px;margin-top:0;margin-bottom:0;padding-right:0;padding-left:0;min-height:74px;aspect-ratio:auto;min-height:unset;\"><div class=\"wp-block-cover__image-background wp-image-1048 has-parallax\" style=\"background-position:50% 50%;background-image:url(https:\/\/hermann.lewetz.at\/wp-content\/uploads\/2017\/11\/Hermann_Lewetz_rosa_600x680.png)\"><\/div><span aria-hidden=\"true\" class=\"wp-block-cover__background has-background-dim-0 has-background-dim\" style=\"background-color:#fefff5\"><\/span><div class=\"wp-block-cover__inner-container is-layout-constrained wp-container-core-cover-is-layout-1c8124c9 wp-block-cover-is-layout-constrained\">\n<h4 class=\"wp-block-heading alignwide has-text-align-center has-palette-color-9-color has-text-color has-link-color wp-elements-8f88075fe4d3c3ea7a6a112d7923e5de\">2023<\/h4>\n<\/div><\/div>\n\n\n\n<div class=\"wp-block-group alignfull is-layout-constrained wp-block-group-is-layout-constrained\">\n<div class=\"wp-block-columns alignfull is-layout-flex wp-container-core-columns-is-layout-28f84493 wp-block-columns-is-layout-flex\">\n<div class=\"wp-block-column animated fadeInLeft delay-200ms slower o-anim-offset-o-anim-offset-0px is-layout-flow wp-container-core-column-is-layout-1cefa90c wp-block-column-is-layout-flow\" style=\"padding-top:0;padding-right:0;padding-bottom:0;padding-left:0;flex-basis:33.3%\">\n<p class=\"has-text-align-center\" style=\"margin-top:0;margin-right:0;margin-bottom:0;margin-left:0\">Durch Anklicken des Bildes \u00f6ffnet sich eine Seite auf <br>www.vimeo.com (Passwort erforderlich):<\/p>\n\n\n\n<figure class=\"wp-block-image alignleft size-full o-anim-offset-o-anim-offset-0px\" style=\"margin-top:0;margin-right:0;margin-bottom:0;margin-left:0\"><a href=\"https:\/\/vimeo.com\/810848386\" target=\"_blank\" rel=\" noreferrer noopener\"><img loading=\"lazy\" decoding=\"async\" width=\"563\" height=\"500\" src=\"https:\/\/hermann.lewetz.at\/wp-content\/uploads\/2025\/05\/2020_L_3-Sachen-kaufen_563x500_20250425.gif\" alt=\"\" class=\"wp-image-2209\"\/><\/a><\/figure>\n<\/div>\n\n\n\n<div class=\"wp-block-column is-vertically-aligned-center is-layout-flow wp-container-core-column-is-layout-9a3ad81b wp-block-column-is-layout-flow\" style=\"padding-right:var(--wp--preset--spacing--40);padding-left:var(--wp--preset--spacing--40)\">\n<h6 class=\"wp-block-heading has-text-align-left\" style=\"margin-top:var(--wp--preset--spacing--60);margin-bottom:0;padding-top:0;padding-bottom:0\">(Kamera &amp; Montage)<\/h6>\n\n\n\n<h4 class=\"wp-block-heading has-palette-color-9-color has-text-color has-link-color wp-elements-40cbc2549d0dc81f0bd02f4dde99d2f9\">AT 2023, DCP, 15 Min, Farbe, Kurzdokumentarfilm<\/h4>\n\n\n\n<h4 class=\"wp-block-heading\">Buch, Regie: Gabriele Mathes<\/h4>\n\n\n\n<p style=\"padding-right:var(--wp--preset--spacing--80)\">Am Beispiel eines konkreten Lebensmittelgesch\u00e4ftes: Kann man das Sterben der kleinen Gesch\u00e4fte verhindern? Wie weit sind wir bereit daf\u00fcr zu gehen? Wer ist f\u00fcr die Rettung verantwortlich? Die Politik oder die Kund:innen?<\/p>\n\n\n\n<p>Im Verleih von <strong><a href=\"https:\/\/www.sixpackfilm.com\/de\/catalogue\/2891\/\" target=\"_blank\" rel=\"noreferrer noopener\">Sixpackfilm<\/a><\/strong><\/p>\n<\/div>\n\n\n\n<div class=\"wp-block-column is-layout-flow wp-block-column-is-layout-flow\"><\/div>\n<\/div>\n<\/div>\n\n\n\n<div class=\"wp-block-group alignfull is-layout-constrained wp-block-group-is-layout-constrained\">\n<div class=\"wp-block-columns alignfull is-layout-flex wp-container-core-columns-is-layout-28f84493 wp-block-columns-is-layout-flex\">\n<div class=\"wp-block-column animated fadeInLeft delay-200ms slower o-anim-offset-o-anim-offset-0px is-layout-flow wp-container-core-column-is-layout-1cefa90c wp-block-column-is-layout-flow\" style=\"padding-top:0;padding-right:0;padding-bottom:0;padding-left:0;flex-basis:33.3%\">\n<p class=\"has-text-align-center\" style=\"margin-top:0;margin-right:0;margin-bottom:0;margin-left:0\">Durch Anklicken des Bildes \u00f6ffnet sich eine Seite auf <br>www.vimeo.com (Passwort erforderlich):<\/p>\n\n\n\n<figure class=\"wp-block-image alignleft size-full o-anim-offset-o-anim-offset-0px\" style=\"margin-top:0;margin-right:0;margin-bottom:0;margin-left:0\"><a href=\"https:\/\/vimeo.com\/916712486\" target=\"_blank\" rel=\" noreferrer noopener\"><img loading=\"lazy\" decoding=\"async\" width=\"563\" height=\"500\" src=\"https:\/\/hermann.lewetz.at\/wp-content\/uploads\/2025\/05\/Filmstreifen_L_gerade_Sequenz_20250425.gif\" alt=\"\" class=\"wp-image-2208\"\/><\/a><\/figure>\n<\/div>\n\n\n\n<div class=\"wp-block-column is-vertically-aligned-center is-layout-flow wp-container-core-column-is-layout-9a3ad81b wp-block-column-is-layout-flow\" style=\"padding-right:var(--wp--preset--spacing--40);padding-left:var(--wp--preset--spacing--40)\">\n<h6 class=\"wp-block-heading has-text-align-left\" style=\"margin-top:var(--wp--preset--spacing--60);margin-bottom:0;padding-top:0;padding-bottom:0\">(Montage)<\/h6>\n\n\n\n<h4 class=\"wp-block-heading has-palette-color-9-color has-text-color has-link-color wp-elements-5e65dfff8b40ba343fa1ec4758ba9ecd\">AT 2023, DCP, 86 Min, Farbe, Dokumentarfilm<\/h4>\n\n\n\n<h4 class=\"wp-block-heading\">Buch, Regie: Monika Stuhl<\/h4>\n\n\n\n<p style=\"padding-right:var(--wp--preset--spacing--80)\">Ein Film \u00fcber ein Wohnprojekt f\u00fcr Menschen mit psychischer Beeintr\u00e4chtigung, das weit \u00fcber das Wohnen selbst hinausgeht.<\/p>\n\n\n\n<details class=\"wp-block-mamaduka-toggles wp-block-toggles\"><summary>Im Leben bleiben <\/summary><div class=\"wp-block-toggles__content\">\n<p>\u2013 das ist ein schlichter, sch\u00f6ner Gedanke, der gut als Leitbild dienen k\u00f6nnte f\u00fcr die \u201eStadt der Sonne\u201c, eine in Perugia beheimatete Stiftung, die f\u00fcr Menschen mit psychischer Beeintr\u00e4chtigung Projekte entwickelt, die sich um das Leben im eigenen Zuhause drehen. Unter dem Schirm von \u201eLa citt\u00e0 del sole\u201c formen sich Zweckgemeinschaften, wo Menschen mit und ohne Behinderungen das Zusammenleben erlernen, mietkostenbefreit und unter der Supervision von p\u00e4dagogischem und klinischem Personal.<\/p>\n<\/div><\/details>\n\n\n\n<p>Im Verleih von <strong><a href=\"https:\/\/www.sixpackfilm.com\/de\/catalogue\/2922\/\" target=\"_blank\" rel=\"noreferrer noopener\">Sixpackfilm<\/a><\/strong><\/p>\n<\/div>\n\n\n\n<div class=\"wp-block-column is-layout-flow wp-block-column-is-layout-flow\"><\/div>\n<\/div>\n<\/div>\n\n\n\n<div style=\"height:150px\" aria-hidden=\"true\" class=\"wp-block-spacer\"><\/div>\n\n\n\n<div class=\"wp-block-cover has-parallax has-custom-content-position is-position-top-center\" style=\"margin-top:0;margin-bottom:0;min-height:54px;aspect-ratio:unset;\"><div class=\"wp-block-cover__image-background wp-image-1048 has-parallax\" style=\"background-position:50% 50%;background-image:url(https:\/\/hermann.lewetz.at\/wp-content\/uploads\/2017\/11\/Hermann_Lewetz_rosa_600x680.png)\"><\/div><span aria-hidden=\"true\" class=\"wp-block-cover__background has-background-dim-0 has-background-dim\" style=\"background-color:#d65050\"><\/span><div class=\"wp-block-cover__inner-container is-layout-constrained wp-block-cover-is-layout-constrained\">\n<h4 class=\"wp-block-heading alignwide has-text-align-center has-palette-color-9-color has-text-color has-link-color wp-elements-2375a386feef800f4dbb39a91f0fe75d\">2021<\/h4>\n<\/div><\/div>\n\n\n\n<div class=\"wp-block-group alignfull is-layout-constrained wp-block-group-is-layout-constrained\">\n<div class=\"wp-block-columns alignfull is-layout-flex wp-container-core-columns-is-layout-28f84493 wp-block-columns-is-layout-flex\">\n<div class=\"wp-block-column animated fadeInLeft delay-200ms slower o-anim-offset-o-anim-offset-0px is-layout-flow wp-block-column-is-layout-flow\" style=\"padding-right:0;padding-left:0;flex-basis:33.3%\">\n<p class=\"has-text-align-center\" style=\"margin-top:0;margin-bottom:0\">Durch Anklicken des Bildes \u00f6ffnet sich eine Seite auf <br>www.berghammerfilm.at<\/p>\n\n\n\n<figure class=\"wp-block-image alignleft size-full o-anim-offset-o-anim-offset-0px\" style=\"margin-top:0;margin-right:0;margin-bottom:0;margin-left:0\"><a href=\"https:\/\/berghammerfilm.at\/portfolio\/top-sekret\/\" target=\"_blank\" rel=\" noreferrer noopener\"><img loading=\"lazy\" decoding=\"async\" width=\"563\" height=\"500\" src=\"https:\/\/hermann.lewetz.at\/wp-content\/uploads\/2025\/05\/Filmstreifen_L_Top_Secret_563x500_20250428_Sequenz.gif\" alt=\"\" class=\"wp-image-2211\" style=\"object-fit:cover\"\/><\/a><\/figure>\n<\/div>\n\n\n\n<div class=\"wp-block-column is-vertically-aligned-center is-layout-flow wp-block-column-is-layout-flow\" style=\"padding-right:var(--wp--preset--spacing--40);padding-left:var(--wp--preset--spacing--40)\">\n<h6 class=\"wp-block-heading has-text-align-left\" style=\"padding-top:0;padding-bottom:0\">(Montage)<\/h6>\n\n\n\n<h4 class=\"wp-block-heading\">AT 2021, 1 min, Trailer<\/h4>\n\n\n\n<h4 class=\"wp-block-heading\">Regie: Karin Berghammer<\/h4>\n\n\n\n<p>K\u00f6rperfl\u00fcssigkeiten als Ware.<br>Trailer zu dem gleichnamigen Dokumentarfilm (56 Min)<\/p>\n<\/div>\n\n\n\n<div class=\"wp-block-column is-layout-flow wp-block-column-is-layout-flow\"><\/div>\n<\/div>\n<\/div>\n\n\n\n<div style=\"height:150px\" aria-hidden=\"true\" class=\"wp-block-spacer\"><\/div>\n\n\n\n<div class=\"wp-block-cover has-parallax has-custom-content-position is-position-top-center\" style=\"margin-top:0;margin-bottom:0;min-height:54px;aspect-ratio:unset;\"><div class=\"wp-block-cover__image-background wp-image-1048 has-parallax\" style=\"background-position:50% 50%;background-image:url(https:\/\/hermann.lewetz.at\/wp-content\/uploads\/2017\/11\/Hermann_Lewetz_rosa_600x680.png)\"><\/div><span aria-hidden=\"true\" class=\"wp-block-cover__background has-background-dim-0 has-background-dim\" style=\"background-color:#d65050\"><\/span><div class=\"wp-block-cover__inner-container is-layout-constrained wp-block-cover-is-layout-constrained\">\n<h4 class=\"wp-block-heading alignwide has-text-align-center has-palette-color-9-color has-text-color has-link-color wp-elements-f3f873b8fc08b245b59c5f95c095e27a\">2020<\/h4>\n<\/div><\/div>\n\n\n\n<div class=\"wp-block-group alignfull is-content-justification-center is-layout-constrained wp-container-core-group-is-layout-2a9d5110 wp-block-group-is-layout-constrained\" style=\"margin-top:0;margin-bottom:0;padding-top:0;padding-right:0;padding-bottom:0;padding-left:0\">\n<div class=\"wp-block-columns alignfull is-layout-flex wp-container-core-columns-is-layout-f732cb08 wp-block-columns-is-layout-flex\" style=\"margin-top:0;margin-bottom:0\">\n<div class=\"wp-block-column is-layout-flow wp-block-column-is-layout-flow\"><\/div>\n\n\n\n<div class=\"wp-block-column is-vertically-aligned-center is-layout-flow wp-container-core-column-is-layout-840ac6cc wp-block-column-is-layout-flow\" style=\"padding-top:0;padding-right:var(--wp--preset--spacing--40);padding-bottom:0;padding-left:var(--wp--preset--spacing--40)\">\n<h6 class=\"wp-block-heading has-text-align-left\" style=\"margin-top:0;margin-right:0;margin-bottom:0;margin-left:0;padding-top:0;padding-right:0;padding-bottom:0;padding-left:0\">(Schnittassistenz)<\/h6>\n\n\n\n<h4 class=\"wp-block-heading has-text-align-left\" style=\"margin-top:0;margin-right:0;margin-bottom:0;margin-left:0;padding-top:0;padding-right:0;padding-bottom:0;padding-left:0\">AT 2020, AT\/DE, 94 min, HD, 16:9, Dolby 5.1, Dokumentarfilm<\/h4>\n\n\n\n<h4 class=\"wp-block-heading has-text-align-left\">Buch &amp; Regie: Harald Friedl<\/h4>\n\n\n\n<p class=\"has-text-align-left\">Ein Film \u00fcber die verschiedenen Philosophien des Brotbackens.<\/p>\n<\/div>\n\n\n\n<div class=\"wp-block-column animated fadeInRight delay-200ms slower o-anim-offset-o-anim-offset-0px is-layout-flow wp-block-column-is-layout-flow\" style=\"flex-basis:33.33%\">\n<p class=\"has-text-align-center\" style=\"margin-top:0;margin-bottom:0\">Durch Anklicken des Bildes \u00f6ffnet sich eine Seite auf <br>www.navigatorfilm.com<\/p>\n\n\n\n<figure class=\"wp-block-image alignright size-full o-anim-offset-0px\" style=\"margin-top:0;margin-right:0;margin-bottom:0;margin-left:0\"><a href=\"https:\/\/navigatorfilm.com\/navigatorfilm\/brot\/\" target=\"_blank\" rel=\" noreferrer noopener\"><img loading=\"lazy\" decoding=\"async\" width=\"563\" height=\"500\" src=\"https:\/\/hermann.lewetz.at\/wp-content\/uploads\/2025\/05\/Brot_R_Sequenz.gif\" alt=\"\" class=\"wp-image-2212\" style=\"object-fit:cover\"\/><\/a><\/figure>\n<\/div>\n<\/div>\n<\/div>\n\n\n\n<div style=\"height:151px\" aria-hidden=\"true\" class=\"wp-block-spacer\"><\/div>\n\n\n\n<div class=\"wp-block-cover has-parallax has-custom-content-position is-position-top-center\" style=\"margin-top:0;margin-bottom:0;min-height:54px;aspect-ratio:unset;\"><div class=\"wp-block-cover__image-background wp-image-1048 has-parallax\" style=\"background-position:50% 50%;background-image:url(https:\/\/hermann.lewetz.at\/wp-content\/uploads\/2017\/11\/Hermann_Lewetz_rosa_600x680.png)\"><\/div><span aria-hidden=\"true\" class=\"wp-block-cover__background has-background-dim-0 has-background-dim\" style=\"background-color:#d65050\"><\/span><div class=\"wp-block-cover__inner-container is-layout-constrained wp-block-cover-is-layout-constrained\">\n<h4 class=\"wp-block-heading alignwide has-text-align-center has-palette-color-9-color has-text-color has-link-color wp-elements-c97e21b8f06a6625b010c1edf3e6178a\">2015<\/h4>\n<\/div><\/div>\n\n\n\n<div class=\"wp-block-group alignfull is-layout-constrained wp-block-group-is-layout-constrained\">\n<div class=\"wp-block-columns alignfull is-layout-flex wp-container-core-columns-is-layout-28f84493 wp-block-columns-is-layout-flex\">\n<div class=\"wp-block-column animated fadeInLeft delay-200ms slower o-anim-offset-o-anim-offset-0px is-layout-flow wp-container-core-column-is-layout-1cefa90c wp-block-column-is-layout-flow\" style=\"padding-top:0;padding-right:0;padding-bottom:0;padding-left:0;flex-basis:33.3%\">\n<p class=\"has-text-align-center\" style=\"margin-top:0;margin-right:0;margin-bottom:0;margin-left:0\">Durch Anklicken des Bildes \u00f6ffnet sich eine Seite auf <br>www.vimeo.com:<\/p>\n\n\n\n<figure class=\"wp-block-image alignleft size-full o-anim-offset-o-anim-offset-0px\" style=\"margin-top:0;margin-right:0;margin-bottom:0;margin-left:0\"><a href=\"https:\/\/vimeo.com\/user43047650\/httpsvimeocomgefuehldobermann?ts=0&amp;share=copy\" target=\"_blank\" rel=\" noreferrer noopener\"><img loading=\"lazy\" decoding=\"async\" width=\"563\" height=\"500\" src=\"https:\/\/hermann.lewetz.at\/wp-content\/uploads\/2025\/05\/Filmstreifen_L_Dobermann_563x500_20250428_Sequenz.gif\" alt=\"\" class=\"wp-image-2213\"\/><\/a><\/figure>\n<\/div>\n\n\n\n<div class=\"wp-block-column is-vertically-aligned-center is-layout-flow wp-container-core-column-is-layout-9a3ad81b wp-block-column-is-layout-flow\" style=\"padding-right:var(--wp--preset--spacing--40);padding-left:var(--wp--preset--spacing--40)\">\n<h6 class=\"wp-block-heading has-text-align-left\" style=\"margin-top:var(--wp--preset--spacing--60);margin-bottom:0;padding-top:0;padding-bottom:0\">(Kamera &amp; Montage)<\/h6>\n\n\n\n<h4 class=\"wp-block-heading has-palette-color-9-color has-text-color has-link-color wp-elements-7e46018bd2f59190119ce06d5fe87abf\">A 2015, DCP, Kurzspielfilm<\/h4>\n\n\n\n<h4 class=\"wp-block-heading\">Buch &amp; Regie: Gabriele Mathes<\/h4>\n\n\n\n<p style=\"padding-right:var(--wp--preset--spacing--80)\"><strong>Gef\u00fchl Dobermann<\/strong> ist ein Familienhorrorfilm auf d\u00fcnnem Eis: W\u00e4hrend Regisseurin <strong>Gabriele Mathes<\/strong> vor der Kamera eine Familie inszeniert, fragt man sich, wo die Inszenierung endet und die Wahrheit beginnt. Sind das wirklich ihre Geschwister, ihre Mutter, Nichte und Neffe? Sind die vor der Kamera geteilten Erinnerungen echt? Die Geschichte vom verhungerten Haustier, von plattem Fell und milchigen Augen \u2013 nur ein Drehbucheinfall?<\/p>\n\n\n\n<details class=\"wp-block-mamaduka-toggles wp-block-toggles\"><summary>Credits:<\/summary><div class=\"wp-block-toggles__content\">\n<p style=\"margin-top:0;margin-bottom:0\">Konzept &amp; realisation: Gabriele Mathes<\/p>\n\n\n\n<p style=\"margin-top:0;margin-bottom:0\">Kamera: Hermann Lewetz, Hanna Huber<\/p>\n\n\n\n<p style=\"margin-top:0;margin-bottom:0\">Schnitt: Hermann Lewetz<\/p>\n\n\n\n<p style=\"margin-top:0;margin-bottom:0\">Ton: Lisa Weber, David Lewetz<\/p>\n\n\n\n<p style=\"margin-top:0;margin-bottom:0\">Musik: Claudia Martini, Klaus Kobald<\/p>\n\n\n\n<p style=\"margin-top:0;margin-bottom:0\">Sounddesign: Gabriele Mathes<\/p>\n\n\n\n<p style=\"margin-top:0;margin-bottom:0\">Darsteller\/innen: Walter Mathes, Brigitte Sch\u00f6llenberger, Maria Saturn, Josef Wimmer u. a.<\/p>\n<\/div><\/details>\n\n\n\n<details class=\"wp-block-mamaduka-toggles wp-block-toggles\"><summary>Statements:<\/summary><div class=\"wp-block-toggles__content\">\n<p><\/p>\n\n\n\n<p style=\"margin-bottom:0\">Eine Drehpause: Protagonist\/innen f\u00fchren Smalltalk, es spielen Kinder, ein Mops schnauft. Die Regisseurin brieft die Mutter zur anstehenden Szene, doch diese verweigert Fessel und Knebel. Sie verstehe den Zorn der Tochter nicht, klagt sie. Ob den der Filmfigur oder den der Verwandtschaft, bleibt unklar. Wie sich auch der weitere Handlungsverlauf der eindeutigen Unterscheidung von Spiel und Leben widersetzt. Vieles sei niemals richtig ausgesprochen worden, hei\u00dft es. Tats\u00e4chlich scheinen sich verdr\u00e4ngte Emotionen mit jedem Blick und jeder Geste in den Filmdreh zu \u00fcbersetzen; in eine Wohnungsenge, die in der Unbarmherzigkeit von Handkamera und Naturlicht zunehmend Beklemmung suggeriert. Ein subtil gebautes Kammerspiel \u00fcber (famili\u00e4re) Sprachlosigkeit, Kindheitstraumata und Sadismus.<\/p>\n\n\n\n<p style=\"margin-top:0\">(Diagonale Text)<\/p>\n\n\n\n<p>Gef\u00fchl Dobermann ist ein Familienhorrorfilm auf d\u00fcnnem Eis: W\u00e4hrend Regisseurin Gabriele Mathes vor der Kamera eine Familie inszeniert, fragt man sich, wo die Inszenierung endet und die Wahrheit beginnt. Sind das wirklich ihre Geschwister, ihre Mutter, Nichte und Neffe? Sind die vor der Kamera geteilten Erinnerungen echt? Die Geschichte vom verhungerten Haustier, von plattem Fell und milchigen Augen \u2013 nur ein Drehbucheinfall?<\/p>\n\n\n\n<p>Szene 1, Wohnzimmer: W\u00e4hrend die Regisseurin letzte Rollendetails mit den Protagonisten bespricht, wird die Mutter im Hintergrund geschminkt. Sie soll eine alte Frau spielen, die die Tochter zu Hause pflegt. Aber die kann \u2013 laut Drehbuch \u2013 selbst nicht mehr und w\u00fcnscht der Hilfsbed\u00fcrftigen den Tod. Oder, dass sie wenigstens ins Heim kommt. \u201eIch will doch net ins Heim\u201c, protestiert die Mutter. \u201eAber im Film ist es halt so\u201c, sagt die Regisseurin streng.<\/p>\n\n\n\n<p>Szene 2: Im Vordergrund werfen die Kinder mit Lego, im Off h\u00f6rt man die alte Mutter schreien: \u201eAu, auaua! I brauch a Hilfe!!\u201c Die Tochter schneidet weiter unger\u00fchrt Haare, ihr Mann raucht: \u201eSoll I eini gehen?\u201c \u2013 \u201eNa, lass\u00b4 a bissi schrein.\u201c<\/p>\n\n\n\n<p style=\"margin-bottom:0\">Es ist eine unausgesprochene \u00dcbereinkunft: Familien, Kinder, alte Menschen werden im Mainstreamkino geschont. Michael Hanekes Funny Games lie\u00df seine Gewalt gegen eine Familie bewusst in diese sichere Annahme hinein explodieren. Gabriele Mathes macht einen Seitenschritt. Zwar kommt in Gef\u00fchl Dobermann niemand k\u00f6rperlich zu Schaden. Aber allein das Gedankenspiel, wie es w\u00e4re, seinen Aggressionen freien Lauf zu lassen, die Mutter zu fesseln und zu knebeln, damit sie im Bett dr\u00fcben nicht pl\u00e4rrt, treibt den Beteiligten Wut und Schrecken ins Gesicht. Und die sind fraglos echt.<\/p>\n\n\n\n<p>(Maya McKechneay)<\/p>\n\n\n\n<p style=\"margin-bottom:0\">Eine Drehpause: Protagonist\/innen f\u00fchren Smalltalk, es spielen Kinder, ein Mops schnauft. Die Regisseurin brieft die Mutter zur anstehenden Szene, doch diese verweigert Fessel und Knebel. Sie verstehe den Zorn der Tochter nicht, klagt sie. Ob den der Filmfigur oder den der Verwandtschaft, bleibt unklar. Wie sich auch der weitere Handlungsverlauf der eindeutigen Unterscheidung von Spiel und Leben widersetzt. Vieles sei niemals richtig ausgesprochen worden, hei\u00dft es. Tats\u00e4chlich scheinen sich verdr\u00e4ngte Emotionen mit jedem Blick und jeder Geste in den Filmdreh zu \u00fcbersetzen; in eine Wohnungsenge, die in der Unbarmherzigkeit von Handkamera und Naturlicht zunehmend Beklemmung suggeriert. Ein subtil gebautes Kammerspiel \u00fcber (famili\u00e4re) Sprachlosigkeit, Kindheitstraumata und Sadismus.<\/p>\n\n\n\n<p>(Sebastian H\u00f6glinger, Diagonale-Katalog)<\/p>\n\n\n\n<p style=\"margin-bottom:0\">Meine Mutter weigerte sich. Sie will nicht gefesselt, geknebelt und erstickt werden. Auch nicht f\u00fcr diesen Film. In der Drehpause spielen Erna und Helmut ein Spiel, das aus meiner Kindheit stammt. Eine M\u00f6rdergrube kann in jedem Herzen sein.<\/p>\n\n\n\n<p>(Gabriele Mathes)<\/p>\n\n\n\n<p style=\"margin-bottom:0\">In Gef\u00fchl Dobermann verfolgt Gabriele Mathes einen sehr eigenwilligen Weg des Filmemachens: in ihren Dreh war die Familie eingebunden, und erf\u00e4hrt Szene f\u00fcr Szene von der Geschichte. Dass die eigene Mutter nicht unbedingt vor der Kamera einen Pflegefall mimt, der niedergeknebelt wird, ist ein Dialog f\u00fcr sich.<\/p>\n\n\n\n<p>(Maria Motter, FM4)<\/p>\n\n\n\n<p>Urauff\u00fchrung: Diagonale 2015<\/p>\n<\/div><\/details>\n\n\n\n<p>Im Verleih von <strong><a href=\"https:\/\/www.sixpackfilm.com\/de\/catalogue\/2271\/\">Sixpackfilm<\/a><\/strong><\/p>\n<\/div>\n\n\n\n<div class=\"wp-block-column is-layout-flow wp-block-column-is-layout-flow\"><\/div>\n<\/div>\n<\/div>\n\n\n\n<div style=\"height:150px\" aria-hidden=\"true\" class=\"wp-block-spacer\"><\/div>\n\n\n\n<div class=\"wp-block-cover has-parallax has-custom-content-position is-position-top-center\" style=\"margin-top:0;margin-bottom:0;min-height:54px;aspect-ratio:unset;\"><div class=\"wp-block-cover__image-background wp-image-1048 has-parallax\" style=\"background-position:50% 50%;background-image:url(https:\/\/hermann.lewetz.at\/wp-content\/uploads\/2017\/11\/Hermann_Lewetz_rosa_600x680.png)\"><\/div><span aria-hidden=\"true\" class=\"wp-block-cover__background has-background-dim-0 has-background-dim\" style=\"background-color:#d65050\"><\/span><div class=\"wp-block-cover__inner-container is-layout-constrained wp-block-cover-is-layout-constrained\">\n<h4 class=\"wp-block-heading alignwide has-text-align-center has-palette-color-9-color has-text-color has-link-color wp-elements-824c674216f12579672400eca07b358d\">2006<\/h4>\n<\/div><\/div>\n\n\n\n<div class=\"wp-block-group alignfull is-layout-constrained wp-block-group-is-layout-constrained\">\n<div class=\"wp-block-columns alignfull is-layout-flex wp-container-core-columns-is-layout-28f84493 wp-block-columns-is-layout-flex\">\n<div class=\"wp-block-column animated fadeInLeft delay-200ms slower o-anim-offset-o-anim-offset-0px is-layout-flow wp-container-core-column-is-layout-1cefa90c wp-block-column-is-layout-flow\" style=\"padding-top:0;padding-right:0;padding-bottom:0;padding-left:0;flex-basis:33.3%\">\n<p class=\"has-text-align-center\" style=\"margin-top:0;margin-right:0;margin-bottom:0;margin-left:0\">Durch Anklicken des Bildes \u00f6ffnet sich eine Seite auf <br>www.vimeo.com:<\/p>\n\n\n\n<figure class=\"wp-block-image alignleft size-full o-anim-offset-o-anim-offset-0px\" style=\"margin-top:0;margin-right:0;margin-bottom:0;margin-left:0\"><a href=\"https:\/\/vimeo.com\/253135104\/6e7cb29b46\" target=\"_blank\" rel=\" noreferrer noopener\"><img loading=\"lazy\" decoding=\"async\" width=\"563\" height=\"500\" src=\"https:\/\/hermann.lewetz.at\/wp-content\/uploads\/2025\/05\/Filmstreifen_L_Millionenkredit_20250505_Sequenz.gif\" alt=\"\" class=\"wp-image-2216\"\/><\/a><\/figure>\n<\/div>\n\n\n\n<div class=\"wp-block-column is-vertically-aligned-center is-layout-flow wp-container-core-column-is-layout-9a3ad81b wp-block-column-is-layout-flow\" style=\"padding-right:var(--wp--preset--spacing--40);padding-left:var(--wp--preset--spacing--40)\">\n<h6 class=\"wp-block-heading has-text-align-left\" style=\"margin-top:var(--wp--preset--spacing--60);margin-bottom:0;padding-top:0;padding-bottom:0\">(Schnittberatung)<\/h6>\n\n\n\n<h4 class=\"wp-block-heading has-palette-color-9-color has-text-color has-link-color wp-elements-01f164d6e8eb9daabb7478e22343ecdc\">A 2006, 35 mm, Farbe, 22 min<\/h4>\n\n\n\n<h4 class=\"wp-block-heading\">Buch &amp; Regie: Gabriele Mathes<\/h4>\n\n\n\n<p style=\"padding-right:var(--wp--preset--spacing--80)\">Normalit\u00e4t in den Siebziger Jahren: Die audiovisuelle Erinnerungswirtschaft mit ihren Kohorten an Privatfilmern produziert massenhaft Bilder des wirtschaftlichen Aufschwungs und des vermeintlichen kleinb\u00fcrgerlichen Familiengl\u00fccks: Urlaub am Meer, KFZ-Ausfl\u00fcge in die Alpen in Dirndl und Krachlederner, zuhause gibt\u00b4s jetzt den Einbauschrank mit Farbfernseher. Meistens filmt der Papa. Es h\u00e4tte doch alles so sch\u00f6n sein k\u00f6nnen, doch die Sache geht schief: Der vom Gro\u00dfvater geerbte Tischlereibetrieb schreibt rote Zahlen, die Konkurrenz durch Massenproduktion versetzt der Firma den Todessto\u00df. Die Familie ger\u00e4t in die Krise, und schlie\u00dflich wird der Vater unter der Last zusammenbrechen. Die Normalit\u00e4t ist nicht zu ertragen.<\/p>\n\n\n\n<details class=\"wp-block-mamaduka-toggles wp-block-toggles\"><summary><strong>Gabriele Mathes\u00b4<\/strong> Found-Footage-Arbeit erz\u00e4hlt nur auf den ersten Blick eine tragisch endende Familiengeschichte. <\/summary><div class=\"wp-block-toggles__content\">\n<p>W\u00e4hrend eine emotionslose Sprecherin ein biografisch gef\u00e4rbtes, beklemmendes Sprachbild von hoher fotografischer Pr\u00e4zision entwirft, fassen die Super-8-Bilder ein irreduzibles Au\u00dfen, das nicht allein in der literarischen Beschreibung subjektiver Erinnerungsbilder aufgeht: Fragmente f\u00fcr eine \u00f6ffentliche Mikro-Wirtschaftsgeschichte. In der tangentialen Montage kontaminieren Bilder und Sprache einander, Andrea Sodomkas Soundscape treibt uns schmerzhaft leise in den audiovisuellen Riss in der Zeit. Im Unterschied zu so vielen ironisierenden Home-Movie-Samplern nimmt Mathes ihr Material als Symptom ernst. Was zeigt sich, was l\u00e4sst die Nichtsichtbarkeit erahnen, was ist verloren, was gerettet? Und vielleicht hat sich in den ausgewaschenen, besch\u00e4digten Affektbildern etwas erhalten, wohin die Sprache, die Trauerarbeit, nicht gelangen konnte; vielleicht ein Moment des Verdachts, vielleicht ein Moment des Gl\u00fccks. Doch wom\u00f6glich ist das Gl\u00fcck an einer Stelle aufgeblitzt, die niemand geplant und mit der niemand gerechnet hatte.<br><em>(Michael Palm)<\/em><\/p>\n\n\n\n<p><br>Der Film erz\u00e4hlt, wie sich das Ringen meines Vaters um das \u00dcberleben des vom Gro\u00dfvater gegr\u00fcndeten Betriebs, der nicht zu verhindernde Konkurs seiner M\u00f6belfirma, auf meine Familie ausgewirkt hat.<br><em>(Gabriele Mathes)<\/em><\/p>\n\n\n\n<p><br>Hinter dem Wald wird es hell. Mein Vater sitzt im Wagen und erinnert sich. Er ist zweiundzwanzig. Er ist mit dem Motorrad gekommen. Er steht vor dem Haus, in dem meine Mutter wohnt. Er raucht eine Zigarette. Er raucht mit der rechten Hand, seine Linke ist in Gips gepackt. Meine Mutter schaut den Gips an und fragt: Kannst du fahren?\u201c Mein Vater d\u00e4mpft die Zigarette aus. Mein Vater gibt Gas. Er f\u00e4hrt 14 Stunden lang. In Rimini halten sie an. Am Stra\u00dfenrand stehen Palmen. Meine Mutter legt ihre Arme um meinen Vater und k\u00fcsst ihn.<br><em>(Auszug aus dem Drehbuch)<\/em><\/p>\n<\/div><\/details>\n\n\n\n<p>Im Verleih von: <a href=\"http:\/\/www.sixpackfilm.com\">Sixpackfilm<\/a><\/p>\n<\/div>\n\n\n\n<div class=\"wp-block-column is-layout-flow wp-block-column-is-layout-flow\"><\/div>\n<\/div>\n<\/div>\n\n\n\n<div style=\"height:150px\" aria-hidden=\"true\" class=\"wp-block-spacer\"><\/div>\n\n\n\n<div class=\"wp-block-cover has-parallax has-custom-content-position is-position-top-center\" style=\"margin-top:0;margin-bottom:0;min-height:54px;aspect-ratio:unset;\"><div class=\"wp-block-cover__image-background wp-image-1048 has-parallax\" style=\"background-position:50% 50%;background-image:url(https:\/\/hermann.lewetz.at\/wp-content\/uploads\/2017\/11\/Hermann_Lewetz_rosa_600x680.png)\"><\/div><span aria-hidden=\"true\" class=\"wp-block-cover__background has-background-dim-0 has-background-dim\" style=\"background-color:#d65050\"><\/span><div class=\"wp-block-cover__inner-container is-layout-constrained wp-block-cover-is-layout-constrained\">\n<h4 class=\"wp-block-heading alignwide has-text-align-center has-palette-color-9-color has-text-color has-link-color wp-elements-d132b59b57a45db09a3f77222990fb83\">2000<\/h4>\n<\/div><\/div>\n\n\n\n<div class=\"wp-block-group alignfull is-layout-constrained wp-block-group-is-layout-constrained\">\n<div class=\"wp-block-columns alignfull is-layout-flex wp-container-core-columns-is-layout-28f84493 wp-block-columns-is-layout-flex\">\n<div class=\"wp-block-column animated fadeInLeft delay-200ms slower o-anim-offset-o-anim-offset-0px is-layout-flow wp-container-core-column-is-layout-1cefa90c wp-block-column-is-layout-flow\" style=\"padding-top:0;padding-right:0;padding-bottom:0;padding-left:0;flex-basis:33.3%\">\n<p class=\"has-text-align-center\" style=\"margin-top:0;margin-right:0;margin-bottom:0;margin-left:0\">Durch Anklicken des Bildes \u00f6ffnet sich eine Seite auf <br>www.vimeo.com:<\/p>\n\n\n\n<figure class=\"wp-block-image alignleft size-full o-anim-offset-o-anim-offset-0px\" style=\"margin-top:0;margin-right:0;margin-bottom:0;margin-left:0\"><a href=\"https:\/\/vimeo.com\/571733715\/cd1b35ecde\" target=\"_blank\" rel=\" noreferrer noopener\"><img loading=\"lazy\" decoding=\"async\" width=\"563\" height=\"500\" src=\"https:\/\/hermann.lewetz.at\/wp-content\/uploads\/2025\/05\/Filmstreifen_L_Darling_ich_Sequenz.gif\" alt=\"\" class=\"wp-image-2217\"\/><\/a><\/figure>\n<\/div>\n\n\n\n<div class=\"wp-block-column is-vertically-aligned-center is-layout-flow wp-container-core-column-is-layout-9a3ad81b wp-block-column-is-layout-flow\" style=\"padding-right:var(--wp--preset--spacing--40);padding-left:var(--wp--preset--spacing--40)\">\n<h6 class=\"wp-block-heading has-text-align-left\" style=\"margin-top:var(--wp--preset--spacing--60);margin-bottom:0;padding-top:0;padding-bottom:0\">(Kamera &amp; Montage)<\/h6>\n\n\n\n<h4 class=\"wp-block-heading has-palette-color-9-color has-text-color has-link-color wp-elements-d648c54071ca2e045e03833c787a81f2\">A 2000, Digi Beta, Kurzspielfilm<\/h4>\n\n\n\n<h4 class=\"wp-block-heading\">Buch &amp; Regie: Gabriele Mathes<\/h4>\n\n\n\n<p style=\"padding-right:var(--wp--preset--spacing--80)\">Beziehungskrise vor dem Kino&#8230;<\/p>\n<\/div>\n<\/div>\n<\/div>\n\n\n\n<div style=\"height:150px\" aria-hidden=\"true\" class=\"wp-block-spacer\"><\/div>\n\n\n\n<div class=\"wp-block-cover has-parallax has-custom-content-position is-position-top-center\" style=\"margin-top:0;margin-bottom:0;min-height:54px;aspect-ratio:unset;\"><div class=\"wp-block-cover__image-background wp-image-1048 has-parallax\" style=\"background-position:50% 50%;background-image:url(https:\/\/hermann.lewetz.at\/wp-content\/uploads\/2017\/11\/Hermann_Lewetz_rosa_600x680.png)\"><\/div><span aria-hidden=\"true\" class=\"wp-block-cover__background has-background-dim-0 has-background-dim\" style=\"background-color:#d65050\"><\/span><div class=\"wp-block-cover__inner-container is-layout-constrained wp-block-cover-is-layout-constrained\">\n<h4 class=\"wp-block-heading alignwide has-text-align-center has-palette-color-9-color has-text-color has-link-color wp-elements-53a7e8de68af7f0c598ce66ddc6302c0\">1999<\/h4>\n<\/div><\/div>\n\n\n\n<div class=\"wp-block-group alignfull is-layout-constrained wp-container-core-group-is-layout-8c49bb0c wp-block-group-is-layout-constrained\" style=\"margin-top:0;margin-bottom:0;padding-right:0;padding-left:0\">\n<div class=\"wp-block-columns alignfull is-layout-flex wp-container-core-columns-is-layout-28f84493 wp-block-columns-is-layout-flex\">\n<div class=\"wp-block-column animated fadeInRight delay-500ms slower o-anim-offset-o-anim-offset-0px is-layout-flow wp-block-column-is-layout-flow\" style=\"padding-right:0;padding-left:0;flex-basis:33.33%\"><\/div>\n\n\n\n<div class=\"wp-block-column is-vertically-aligned-center is-layout-flow wp-block-column-is-layout-flow\" style=\"padding-right:var(--wp--preset--spacing--40);padding-left:var(--wp--preset--spacing--40)\">\n<h6 class=\"wp-block-heading has-text-align-left\" style=\"padding-top:0;padding-bottom:0\">(Licht &amp; Montage)<\/h6>\n\n\n\n<h4 class=\"wp-block-heading has-text-align-left\">AT 1999, 35mm, 11 Min, S\/W, Kurzspielfilm<\/h4>\n\n\n\n<h4 class=\"wp-block-heading has-text-align-left\">Konzept &amp; Regie: Said Manafi<\/h4>\n\n\n\n<details class=\"wp-block-mamaduka-toggles wp-block-toggles\"><summary>Die tragische Abschiebung von Marcus Omofuma. <br>Nachgestellt nach den ver\u00f6ffentlichten Polizeiprotokollen.<\/summary><div class=\"wp-block-toggles__content\">\n<figure class=\"wp-block-image size-large\"><img loading=\"lazy\" decoding=\"async\" width=\"1024\" height=\"729\" src=\"https:\/\/hermann.lewetz.at\/wp-content\/uploads\/2025\/03\/MO-Cover5-1024x729.png\" alt=\"\" class=\"wp-image-1582\" srcset=\"https:\/\/hermann.lewetz.at\/wp-content\/uploads\/2025\/03\/MO-Cover5-1024x729.png 1024w, https:\/\/hermann.lewetz.at\/wp-content\/uploads\/2025\/03\/MO-Cover5-300x214.png 300w, https:\/\/hermann.lewetz.at\/wp-content\/uploads\/2025\/03\/MO-Cover5-768x547.png 768w, https:\/\/hermann.lewetz.at\/wp-content\/uploads\/2025\/03\/MO-Cover5.png 1080w\" sizes=\"auto, (max-width: 1024px) 100vw, 1024px\" \/><\/figure>\n<\/div><\/details>\n<\/div>\n\n\n\n<div class=\"wp-block-column animated fadeInRight delay-200ms slower o-anim-offset-o-anim-offset-0px is-layout-flow wp-block-column-is-layout-flow\">\n<p class=\"has-text-align-center\" style=\"margin-top:0;margin-right:0;margin-bottom:0;margin-left:0\">Durch Anklicken des Bildes \u00f6ffnet sich eine Seite auf <br>www.vimeo.com (Passwort erforderlich):<\/p>\n\n\n\n<figure class=\"wp-block-image alignright size-full o-anim-offset-o-anim-offset-0px\" style=\"margin-right:0;margin-left:0\"><a href=\"https:\/\/vimeo.com\/1096184668\" target=\"_blank\" rel=\" noreferrer noopener\"><img loading=\"lazy\" decoding=\"async\" width=\"563\" height=\"500\" src=\"https:\/\/hermann.lewetz.at\/wp-content\/uploads\/2025\/03\/2020_R_Der_Andere_563x500_1000.png\" alt=\"\" class=\"wp-image-1581\" style=\"object-fit:cover\" srcset=\"https:\/\/hermann.lewetz.at\/wp-content\/uploads\/2025\/03\/2020_R_Der_Andere_563x500_1000.png 563w, https:\/\/hermann.lewetz.at\/wp-content\/uploads\/2025\/03\/2020_R_Der_Andere_563x500_1000-300x266.png 300w\" sizes=\"auto, (max-width: 563px) 100vw, 563px\" \/><\/a><\/figure>\n<\/div>\n<\/div>\n<\/div>\n\n\n\n<div style=\"height:150px\" aria-hidden=\"true\" class=\"wp-block-spacer\"><\/div>\n\n\n\n<div class=\"wp-block-cover has-parallax has-custom-content-position is-position-top-center\" style=\"margin-top:0;margin-bottom:0;min-height:54px;aspect-ratio:unset;\"><div class=\"wp-block-cover__image-background wp-image-1048 has-parallax\" style=\"background-position:50% 50%;background-image:url(https:\/\/hermann.lewetz.at\/wp-content\/uploads\/2017\/11\/Hermann_Lewetz_rosa_600x680.png)\"><\/div><span aria-hidden=\"true\" class=\"wp-block-cover__background has-background-dim-0 has-background-dim\" style=\"background-color:#d65050\"><\/span><div class=\"wp-block-cover__inner-container is-layout-constrained wp-block-cover-is-layout-constrained\">\n<h4 class=\"wp-block-heading alignwide has-text-align-center has-palette-color-9-color has-text-color has-link-color wp-elements-5d5276a0d52f5a24a589b5b071ccb40f\">1996<\/h4>\n<\/div><\/div>\n\n\n\n<div class=\"wp-block-group alignfull is-content-justification-left is-layout-constrained wp-container-core-group-is-layout-12dd3699 wp-block-group-is-layout-constrained\">\n<div class=\"wp-block-columns alignfull is-layout-flex wp-container-core-columns-is-layout-09d11f25 wp-block-columns-is-layout-flex\" style=\"margin-top:0;margin-bottom:0;padding-right:0;padding-left:0\">\n<div class=\"wp-block-column animated fadeInLeft delay-200ms slower o-anim-offset-o-anim-offset-0px is-layout-flow wp-block-column-is-layout-flow\" style=\"padding-right:0;padding-left:0;flex-basis:33.3%\">\n<p class=\"has-text-align-center\" style=\"margin-top:0;margin-bottom:0\">Durch Anklicken des Bildes \u00f6ffnet sich eine Seite auf<br>www.mediathek.at<\/p>\n\n\n\n<figure class=\"wp-block-image alignleft size-full o-anim-offset-o-anim-offset-0px\" style=\"margin-top:0;margin-right:0;margin-bottom:0;margin-left:0\"><a href=\"https:\/\/www.mediathek.at\/atom\/018AAD9C-2CD-02A93-00000484-0189A3E5\" target=\"_blank\" rel=\" noreferrer noopener\"><img loading=\"lazy\" decoding=\"async\" width=\"563\" height=\"500\" src=\"https:\/\/hermann.lewetz.at\/wp-content\/uploads\/2025\/05\/Filmstreifen_L_Sarabanda_563x500_Sequenz.gif\" alt=\"\" class=\"wp-image-2218\" style=\"object-fit:cover\"\/><\/a><\/figure>\n<\/div>\n\n\n\n<div class=\"wp-block-column is-vertically-aligned-center is-layout-flow wp-block-column-is-layout-flow\" style=\"padding-right:var(--wp--preset--spacing--40);padding-left:var(--wp--preset--spacing--40)\">\n<h6 class=\"wp-block-heading has-text-align-left\" style=\"padding-top:0;padding-bottom:0\">(Montage)<\/h6>\n\n\n\n<h4 class=\"wp-block-heading has-text-align-left\">AT 1996, Digi Beta, Farbe, 58 min<\/h4>\n\n\n\n<h4 class=\"wp-block-heading has-text-align-left\">Wissenschaftlicher Autor: Werner Zipps<\/h4>\n\n\n\n<p class=\"has-text-align-left\">Die Geschichte des Kolonialismus, der religi\u00f6sen Vielfalt mit afrikanischen Wurzeln und die religi\u00f6sen Feiern auf der Karibikinsel Kuba.<\/p>\n\n\n\n<div style=\"height:97px\" aria-hidden=\"true\" class=\"wp-block-spacer\"><\/div>\n<\/div>\n\n\n\n<div class=\"wp-block-column animated fadeInRight delay-500ms slower o-anim-offset-o-anim-offset-0px is-layout-flow wp-block-column-is-layout-flow\" style=\"flex-basis:33.3%\"><\/div>\n<\/div>\n<\/div>\n\n\n\n<div style=\"height:150px\" aria-hidden=\"true\" class=\"wp-block-spacer\"><\/div>\n\n\n\n<div class=\"wp-block-cover has-parallax has-custom-content-position is-position-top-center\" style=\"margin-top:0;margin-bottom:0;min-height:54px;aspect-ratio:unset;\"><div class=\"wp-block-cover__image-background wp-image-1048 has-parallax\" style=\"background-position:50% 50%;background-image:url(https:\/\/hermann.lewetz.at\/wp-content\/uploads\/2017\/11\/Hermann_Lewetz_rosa_600x680.png)\"><\/div><span aria-hidden=\"true\" class=\"wp-block-cover__background has-background-dim-0 has-background-dim\" style=\"background-color:#d65050\"><\/span><div class=\"wp-block-cover__inner-container is-layout-constrained wp-block-cover-is-layout-constrained\">\n<h4 class=\"wp-block-heading alignwide has-text-align-center has-palette-color-9-color has-text-color has-link-color wp-elements-3b64de6f9535d375c9d1a48b790d10c3\">1995<\/h4>\n<\/div><\/div>\n\n\n\n<div class=\"wp-block-group alignfull is-layout-constrained wp-container-core-group-is-layout-8c49bb0c wp-block-group-is-layout-constrained\" style=\"margin-top:0;margin-bottom:0;padding-right:0;padding-left:0\">\n<div class=\"wp-block-columns alignfull is-layout-flex wp-container-core-columns-is-layout-28f84493 wp-block-columns-is-layout-flex\">\n<div class=\"wp-block-column animated fadeInRight delay-500ms slower o-anim-offset-o-anim-offset-0px is-layout-flow wp-block-column-is-layout-flow\" style=\"padding-right:0;padding-left:0;flex-basis:33.33%\"><\/div>\n\n\n\n<div class=\"wp-block-column is-vertically-aligned-center is-layout-flow wp-block-column-is-layout-flow\" style=\"padding-right:var(--wp--preset--spacing--40);padding-left:var(--wp--preset--spacing--40)\">\n<h6 class=\"wp-block-heading has-text-align-left\" style=\"padding-top:0;padding-bottom:0\">(Kamera &amp; Montage)<\/h6>\n\n\n\n<h4 class=\"wp-block-heading has-text-align-left\">AT 1995, 16mm, 34 Min, Farbe, Kurzspielfilm<\/h4>\n\n\n\n<h4 class=\"wp-block-heading has-text-align-left\">Drehbuch &amp; Regie: Gabriele Mathes<\/h4>\n\n\n\n<p class=\"has-text-align-left\">Ein M\u00e4rchen&#8230;<\/p>\n<\/div>\n\n\n\n<div class=\"wp-block-column animated fadeInRight delay-200ms slower is-layout-flow wp-block-column-is-layout-flow\">\n<p class=\"has-text-align-center\" style=\"margin-top:0;margin-right:0;margin-bottom:0;margin-left:0\">Durch Anklicken des Bildes \u00f6ffnet sich eine Seite auf <br>www.vimeo.com.<\/p>\n\n\n\n<figure class=\"wp-block-image alignright size-full o-anim-offset-o-anim-offset-0px\" style=\"margin-right:0;margin-left:0\"><a href=\"https:\/\/vimeo.comhttps:\/\/vimeo.com\/637491461\/c52c15ae83\" target=\"_blank\" rel=\" noreferrer noopener\"><img loading=\"lazy\" decoding=\"async\" width=\"563\" height=\"500\" src=\"https:\/\/hermann.lewetz.at\/wp-content\/uploads\/2025\/05\/1995_R_-Suesses_Holz_Sequenz-14_563x500_1000.gif\" alt=\"\" class=\"wp-image-2219\" style=\"object-fit:cover\"\/><\/a><\/figure>\n<\/div>\n<\/div>\n<\/div>\n\n\n\n<div class=\"wp-block-group alignfull is-layout-constrained wp-block-group-is-layout-constrained\">\n<div class=\"wp-block-columns alignfull o-anim-offset-o-anim-offset-0px is-layout-flex wp-container-core-columns-is-layout-28f84493 wp-block-columns-is-layout-flex\">\n<div class=\"wp-block-column animated fadeInLeft delay-200ms slower o-anim-offset-o-anim-offset-0px is-layout-flow wp-block-column-is-layout-flow\" style=\"padding-right:0;padding-left:0;flex-basis:33.3%\">\n<p class=\"has-text-align-center\" style=\"margin-top:0;margin-bottom:0\">Durch Anklicken des Bildes \u00f6ffnet sich eine Seite auf<br>www.mediathek.at<\/p>\n\n\n\n<figure class=\"wp-block-image alignleft size-full o-anim-offset-o-anim-offset-0px\" style=\"margin-top:0;margin-right:0;margin-bottom:0;margin-left:0\"><a href=\"https:\/\/www.mediathek.at\/atom\/018AA99A-0A2-02536-00000484-0189A3E5\" target=\"_blank\" rel=\" noreferrer noopener\"><img loading=\"lazy\" decoding=\"async\" width=\"563\" height=\"500\" src=\"https:\/\/hermann.lewetz.at\/wp-content\/uploads\/2025\/05\/Filmstreifen_Otto_Storch.gif\" alt=\"\" class=\"wp-image-2220\" style=\"object-fit:cover\"\/><\/a><\/figure>\n<\/div>\n\n\n\n<div class=\"wp-block-column is-vertically-aligned-center is-layout-flow wp-block-column-is-layout-flow\" style=\"padding-right:var(--wp--preset--spacing--40);padding-left:var(--wp--preset--spacing--40)\">\n<h6 class=\"wp-block-heading has-text-align-left\" style=\"padding-top:0;padding-bottom:0\">(Montage)<\/h6>\n\n\n\n<h4 class=\"wp-block-heading\">AT 1995, 16 mm, Farbe, 32 min<\/h4>\n\n\n\n<h4 class=\"wp-block-heading\">Wissenschaftlicher Autor: Reinhard Kikinger<\/h4>\n\n\n\n<p>\u201eBiografie des \u00f6sterreichischen Professors f\u00fcr Zoologie Dr. Otto Storch (1886\u20131951). Seine Pionierarbeit bei Entwicklung und Anwendung der Hochfrequenzkinematografie im mikroskopischen Bereich wird anhand von Ausschnitten seiner Originalfilme dokumentiert.\u201c (Zeitschrift Wissenschaftlicher Film Nr. 48\/49; Februar 1997; Seiten 43-60)<\/p>\n<\/div>\n\n\n\n<div class=\"wp-block-column is-layout-flow wp-block-column-is-layout-flow\"><\/div>\n<\/div>\n<\/div>\n\n\n\n<div style=\"height:150px\" aria-hidden=\"true\" class=\"wp-block-spacer\"><\/div>\n\n\n\n<div class=\"wp-block-cover has-parallax has-custom-content-position is-position-top-center\" style=\"margin-top:0;margin-bottom:0;min-height:54px;aspect-ratio:unset;\"><div class=\"wp-block-cover__image-background wp-image-1048 has-parallax\" style=\"background-position:50% 50%;background-image:url(https:\/\/hermann.lewetz.at\/wp-content\/uploads\/2017\/11\/Hermann_Lewetz_rosa_600x680.png)\"><\/div><span aria-hidden=\"true\" class=\"wp-block-cover__background has-background-dim-0 has-background-dim\" style=\"background-color:#d65050\"><\/span><div class=\"wp-block-cover__inner-container is-layout-constrained wp-block-cover-is-layout-constrained\">\n<h4 class=\"wp-block-heading alignwide has-text-align-center has-palette-color-9-color has-text-color has-link-color wp-elements-daaa212d732bddfad83951c57887ecfe\">1993<\/h4>\n<\/div><\/div>\n\n\n\n<div class=\"wp-block-group alignfull is-layout-constrained wp-container-core-group-is-layout-8c49bb0c wp-block-group-is-layout-constrained\" style=\"margin-top:0;margin-bottom:0;padding-right:0;padding-left:0\">\n<div class=\"wp-block-columns alignfull is-layout-flex wp-container-core-columns-is-layout-28f84493 wp-block-columns-is-layout-flex\">\n<div class=\"wp-block-column animated fadeInRight delay-500ms slower o-anim-offset-o-anim-offset-0px is-layout-flow wp-block-column-is-layout-flow\" style=\"padding-right:0;padding-left:0;flex-basis:33.33%\"><\/div>\n\n\n\n<div class=\"wp-block-column is-vertically-aligned-center is-layout-flow wp-block-column-is-layout-flow\" style=\"padding-right:var(--wp--preset--spacing--40);padding-left:var(--wp--preset--spacing--40)\">\n<h6 class=\"wp-block-heading has-text-align-left\" style=\"padding-top:0;padding-bottom:0\">(Kamera)<\/h6>\n\n\n\n<h4 class=\"wp-block-heading has-text-align-left\">AT 1993, S-VHS, F, 4 Min, Musikvideo<\/h4>\n\n\n\n<h4 class=\"wp-block-heading has-text-align-left\">Regie: Arno Aschauer<\/h4>\n\n\n\n<p class=\"has-text-align-left\">Musikvideo zu dem Song &#8222;Neujahr&#8220; von Reinhard Theiser.<\/p>\n\n\n\n<details class=\"wp-block-mamaduka-toggles wp-block-toggles\"><summary>Credits:<\/summary><div class=\"wp-block-toggles__content\">\n<p>Komposition &amp; Arrangement: Reinhard Theiser<br>Text: Peter Hiess<br>Kamera: Hermann Lewetz<br>Schnitt: Ivo Taschner<br>Ausstattung: Sabine Pleyel<br>Buch &amp; Regie: Arno Aschauer<\/p>\n<\/div><\/details>\n<\/div>\n\n\n\n<div class=\"wp-block-column animated fadeInRight delay-200ms slower o-anim-offset-o-anim-offset-0px is-layout-flow wp-block-column-is-layout-flow\">\n<p class=\"has-text-align-center\" style=\"margin-top:0;margin-right:0;margin-bottom:0;margin-left:0\">Durch Anklicken des Bildes \u00f6ffnet sich eine Seite auf <br><a href=\"https:\/\/www.youtube.com\/watch?v=BecJkhESEsI\">https:\/\/www.youtube.com\/watch?v=BecJkhESEsI<\/a>.<\/p>\n\n\n\n<figure class=\"wp-block-image alignright size-full o-anim-offset-o-anim-offset-0px\" style=\"margin-right:0;margin-left:0\"><a href=\"https:\/\/www.youtube.com\/watch?v=BecJkhESEsI\" target=\"_blank\" rel=\" noreferrer noopener\"><img loading=\"lazy\" decoding=\"async\" width=\"563\" height=\"500\" src=\"https:\/\/hermann.lewetz.at\/wp-content\/uploads\/2025\/06\/Filmstreifen_R_Neujahr_Sequenz.gif\" alt=\"\" class=\"wp-image-2243\" style=\"object-fit:cover\"\/><\/a><\/figure>\n<\/div>\n<\/div>\n<\/div>\n\n\n\n<div class=\"wp-block-group alignfull is-layout-constrained wp-container-core-group-is-layout-8c49bb0c wp-block-group-is-layout-constrained\" style=\"margin-top:0;margin-bottom:0;padding-right:0;padding-left:0\">\n<div class=\"wp-block-columns alignfull is-layout-flex wp-container-core-columns-is-layout-28f84493 wp-block-columns-is-layout-flex\">\n<div class=\"wp-block-column animated fadeInRight delay-500ms slower o-anim-offset-o-anim-offset-0px is-layout-flow wp-block-column-is-layout-flow\" style=\"padding-right:0;padding-left:0;flex-basis:33.33%\"><\/div>\n\n\n\n<div class=\"wp-block-column is-vertically-aligned-center is-layout-flow wp-block-column-is-layout-flow\" style=\"padding-right:var(--wp--preset--spacing--40);padding-left:var(--wp--preset--spacing--40)\">\n<h6 class=\"wp-block-heading has-text-align-left\" style=\"padding-top:0;padding-bottom:0\">(Regie &amp; Kamera &amp; Montage)<\/h6>\n\n\n\n<h4 class=\"wp-block-heading has-text-align-left\">AT 1993, Beta SP, F, 2 Min, Musikvideo<\/h4>\n\n\n\n<h4 class=\"wp-block-heading has-text-align-left\">Buch &amp; Regie: Hermann Lewetz<\/h4>\n\n\n\n<p class=\"has-text-align-left\">Musikvideo zu dem Song &#8222;Settimana Prossima&#8220; von Novi Sad.<\/p>\n<\/div>\n\n\n\n<div class=\"wp-block-column animated fadeInRight delay-200ms slower o-anim-offset-o-anim-offset-0px is-layout-flow wp-block-column-is-layout-flow\">\n<p class=\"has-text-align-center\" style=\"margin-top:0;margin-right:0;margin-bottom:0;margin-left:0\">Durch Anklicken des Bildes \u00f6ffnet sich eine Seite auf <br>www.vimeo.com.<\/p>\n\n\n\n<figure class=\"wp-block-image alignright size-full o-anim-offset-o-anim-offset-0px\" style=\"margin-right:0;margin-left:0\"><a href=\"https:\/\/vimeo.com\/1020604244\/a7352476df\" target=\"_blank\" rel=\" noreferrer noopener\"><img loading=\"lazy\" decoding=\"async\" width=\"563\" height=\"500\" src=\"https:\/\/hermann.lewetz.at\/wp-content\/uploads\/2025\/05\/2020_R_Settimana_563x500_1000_Sequenz-35.gif\" alt=\"\" class=\"wp-image-2221\" style=\"object-fit:cover\"\/><\/a><\/figure>\n<\/div>\n<\/div>\n<\/div>\n\n\n\n<div style=\"height:150px\" aria-hidden=\"true\" class=\"wp-block-spacer\"><\/div>\n\n\n\n<div class=\"wp-block-cover has-parallax has-custom-content-position is-position-top-center\" style=\"margin-top:0;margin-bottom:0;min-height:54px;aspect-ratio:unset;\"><div class=\"wp-block-cover__image-background wp-image-1048 has-parallax\" style=\"background-position:50% 50%;background-image:url(https:\/\/hermann.lewetz.at\/wp-content\/uploads\/2017\/11\/Hermann_Lewetz_rosa_600x680.png)\"><\/div><span aria-hidden=\"true\" class=\"wp-block-cover__background has-background-dim-0 has-background-dim\" style=\"background-color:#d65050\"><\/span><div class=\"wp-block-cover__inner-container is-layout-constrained wp-block-cover-is-layout-constrained\">\n<h4 class=\"wp-block-heading alignwide has-text-align-center has-palette-color-9-color has-text-color has-link-color wp-elements-4d9099e6fb166ab553bd1229e76fc498\">1992<\/h4>\n<\/div><\/div>\n\n\n\n<div class=\"wp-block-group alignfull is-layout-constrained wp-block-group-is-layout-constrained\">\n<div class=\"wp-block-columns alignfull o-anim-offset-o-anim-offset-0px is-layout-flex wp-container-core-columns-is-layout-28f84493 wp-block-columns-is-layout-flex\">\n<div class=\"wp-block-column animated fadeInLeft delay-200ms slower o-anim-offset-o-anim-offset-0px is-layout-flow wp-block-column-is-layout-flow\" style=\"padding-right:0;padding-left:0;flex-basis:33.3%\">\n<p class=\"has-text-align-center\" style=\"margin-top:0;margin-bottom:0\">Durch Anklicken des Bildes \u00f6ffnet sich eine Seite auf<br>www.vimeo.com<\/p>\n\n\n\n<figure class=\"wp-block-image alignleft size-full o-anim-offset-o-anim-offset-0px\" style=\"margin-top:0;margin-right:0;margin-bottom:0;margin-left:0\"><a href=\"https:\/\/vimeo.com\/1044383512\/ba194ecd6c\" target=\"_blank\" rel=\" noreferrer noopener\"><img loading=\"lazy\" decoding=\"async\" width=\"563\" height=\"500\" src=\"https:\/\/hermann.lewetz.at\/wp-content\/uploads\/2025\/05\/Filmstreifen_L_Alarmstufe_Rot_Sequenz-21_563x500.gif\" alt=\"\" class=\"wp-image-2222\" style=\"object-fit:cover\"\/><\/a><\/figure>\n<\/div>\n\n\n\n<div class=\"wp-block-column is-vertically-aligned-center is-layout-flow wp-block-column-is-layout-flow\" style=\"padding-right:var(--wp--preset--spacing--40);padding-left:var(--wp--preset--spacing--40)\">\n<h6 class=\"wp-block-heading has-text-align-left\" style=\"padding-top:0;padding-bottom:0\">(Kamera &amp; Montage)<\/h6>\n\n\n\n<h4 class=\"wp-block-heading\">AT 1992, 16mm, Farbe, 32 min, Kurzspielfilm<\/h4>\n\n\n\n<h4 class=\"wp-block-heading\">Buch &amp; Regie: Gabriele Mathes<\/h4>\n\n\n\n<details class=\"wp-block-mamaduka-toggles wp-block-toggles\"><summary>Pressestimmen:&nbsp;<\/summary><div class=\"wp-block-toggles__content\">\n<p>&#8222;Ein anarchisch-provokantes Beispiel rabiaten Feminismus, aber voll Humor und beabsichtigten Br\u00fcchen.&#8220; <br>(Rudolf John, Kurier)<\/p>\n\n\n\n<p>&#8222;Ein b\u00f6ser Film, der mit der Realit\u00e4t durchaus in Verbindung steht und seine kleinen dramaturgischen Unebenheiten via Drehbuch- Extravaganzen vergessen l\u00e4sst. Die Damen, der Kalauer und die Sprengs\u00e4tze: violent amusement, wie gesagt.&#8220; <br>(Stefan Grissemann, Diagonale Katalog)<\/p>\n\n\n\n<p>&#8222;Eine in Musik-und Schnittrhythmik mitunter mitrei\u00dfende Science-Fiction Groteske um drei TV Journalistinnen, die Frauenm\u00f6rder interviewen. Auch wenn die Verkn\u00fcpfung von zum Teil plakativen feministischen heavy issues (Gewalt gegen Frauen) mit dem Skurrilen in Darstellung und Dekor nicht immer gl\u00fcckt: ein schriller, nicht sehr (film-) akademischer Film.&#8220; <br>(Drehli Robnik, Falter)<\/p>\n\n\n\n<p class=\"has-text-align-left\">&#8222;Fetzige Songs sorgen f\u00fcr Stimmung, und so wie die Vielfalt der Schaupl\u00e4tze, das fantastische Set design und die Buntheit der Bilder die Schaulust befriedigen, so regt die Vielschichtigkeit der Thematik zur Reflexion an.&#8220; <br>(Elke Sch\u00fcttelkopf, Stimme der Frau)<\/p>\n<\/div><\/details>\n<\/div>\n\n\n\n<div class=\"wp-block-column is-layout-flow wp-block-column-is-layout-flow\"><\/div>\n<\/div>\n<\/div>\n\n\n\n<div style=\"height:150px\" aria-hidden=\"true\" class=\"wp-block-spacer\"><\/div>\n\n\n\n<div class=\"wp-block-cover has-parallax has-custom-content-position is-position-top-center\" style=\"margin-top:0;margin-bottom:0;min-height:54px;aspect-ratio:unset;\"><div class=\"wp-block-cover__image-background wp-image-1048 has-parallax\" style=\"background-position:50% 50%;background-image:url(https:\/\/hermann.lewetz.at\/wp-content\/uploads\/2017\/11\/Hermann_Lewetz_rosa_600x680.png)\"><\/div><span aria-hidden=\"true\" class=\"wp-block-cover__background has-background-dim-0 has-background-dim\" style=\"background-color:#d65050\"><\/span><div class=\"wp-block-cover__inner-container is-layout-constrained wp-block-cover-is-layout-constrained\">\n<h4 class=\"wp-block-heading alignwide has-text-align-center has-palette-color-9-color has-text-color has-link-color wp-elements-77c9d6ec92d1bd8eaf19f40d60b1db49\">1988<\/h4>\n<\/div><\/div>\n\n\n\n<div class=\"wp-block-group alignfull is-layout-constrained wp-block-group-is-layout-constrained\">\n<div class=\"wp-block-columns alignfull animated fadeInLeft delay-500ms slower o-anim-offset-o-anim-offset-0px is-layout-flex wp-container-core-columns-is-layout-28f84493 wp-block-columns-is-layout-flex\">\n<div class=\"wp-block-column animated fadeInLeft delay-200ms slower o-anim-offset-o-anim-offset-0px is-layout-flow wp-block-column-is-layout-flow\" style=\"padding-right:0;padding-left:0;flex-basis:33.3%\">\n<p class=\"has-text-align-center\" style=\"margin-top:0;margin-bottom:0\">Durch Anklicken des Bildes \u00f6ffnet sich eine Seite auf<br>www.vimeo.com<\/p>\n\n\n\n<figure class=\"wp-block-image alignleft size-full o-anim-offset-o-anim-offset-0px\" style=\"margin-top:0;margin-right:0;margin-bottom:0;margin-left:0\"><a href=\"https:\/\/vimeo.com\/348881354\/801f78a19c\" target=\"_blank\" rel=\" noreferrer noopener\"><img loading=\"lazy\" decoding=\"async\" width=\"563\" height=\"500\" src=\"https:\/\/hermann.lewetz.at\/wp-content\/uploads\/2025\/05\/Filmstreifen_L_BistDugelaehmt_Sequenz.gif\" alt=\"\" class=\"wp-image-2223\" style=\"object-fit:cover\"\/><\/a><\/figure>\n<\/div>\n\n\n\n<div class=\"wp-block-column is-vertically-aligned-center is-layout-flow wp-block-column-is-layout-flow\" style=\"padding-right:var(--wp--preset--spacing--40);padding-left:var(--wp--preset--spacing--40)\">\n<h6 class=\"wp-block-heading has-text-align-left\" style=\"padding-top:0;padding-bottom:0\">(Kamera &amp; Montage)<\/h6>\n\n\n\n<h4 class=\"wp-block-heading\">AT 1988, 16mm, DCP, Farbe, 32 min<\/h4>\n\n\n\n<h4 class=\"wp-block-heading\">Buch, Regie,Schnitt: Gabriele Mathes<\/h4>\n\n\n\n<p>3 Kurzportraits<\/p>\n<\/div>\n\n\n\n<div class=\"wp-block-column is-layout-flow wp-block-column-is-layout-flow\"><\/div>\n<\/div>\n<\/div>\n","protected":false},"excerpt":{"rendered":"<p>Durch Anklicken des Bildes \u00f6ffnet sich eine Seite auf www.navigatorfilm.com: (Schnittassistenz) AT 2025, DCP, 80 Min, Farbe, Dokumentarfilm Buch, Regie: Johannes Holzhausen Karl-Markus Gau\u00df ist vor allem f\u00fcr seine Reiseliteratur \u00fcber die Minderheiten Europas bekannt. Der Dokumentarfilm Schlendern ist mein Metier begleitet den Schriftsteller zu diesen Menschen und ihren Orten und beobachtet ihn bei seiner [&hellip;]<\/p>\n","protected":false},"author":1,"featured_media":1048,"parent":0,"menu_order":0,"comment_status":"closed","ping_status":"closed","template":"","meta":{"footnotes":""},"class_list":["post-1324","page","type-page","status-publish","has-post-thumbnail","hentry"],"blocksy_meta":{"content_style_source":"inherit","styles_descriptor":{"styles":{"desktop":"","tablet":"","mobile":""},"google_fonts":[],"version":6}},"_links":{"self":[{"href":"https:\/\/hermann.lewetz.at\/de\/wp-json\/wp\/v2\/pages\/1324","targetHints":{"allow":["GET"]}}],"collection":[{"href":"https:\/\/hermann.lewetz.at\/de\/wp-json\/wp\/v2\/pages"}],"about":[{"href":"https:\/\/hermann.lewetz.at\/de\/wp-json\/wp\/v2\/types\/page"}],"author":[{"embeddable":true,"href":"https:\/\/hermann.lewetz.at\/de\/wp-json\/wp\/v2\/users\/1"}],"replies":[{"embeddable":true,"href":"https:\/\/hermann.lewetz.at\/de\/wp-json\/wp\/v2\/comments?post=1324"}],"version-history":[{"count":236,"href":"https:\/\/hermann.lewetz.at\/de\/wp-json\/wp\/v2\/pages\/1324\/revisions"}],"predecessor-version":[{"id":2254,"href":"https:\/\/hermann.lewetz.at\/de\/wp-json\/wp\/v2\/pages\/1324\/revisions\/2254"}],"wp:featuredmedia":[{"embeddable":true,"href":"https:\/\/hermann.lewetz.at\/de\/wp-json\/wp\/v2\/media\/1048"}],"wp:attachment":[{"href":"https:\/\/hermann.lewetz.at\/de\/wp-json\/wp\/v2\/media?parent=1324"}],"curies":[{"name":"wp","href":"https:\/\/api.w.org\/{rel}","templated":true}]}}